{"id":4177,"date":"2023-03-15T08:25:09","date_gmt":"2023-03-15T07:25:09","guid":{"rendered":"https:\/\/the-right-bin.ch\/?page_id=4177"},"modified":"2026-02-23T09:45:02","modified_gmt":"2026-02-23T08:45:02","slug":"proteccao-de-dados-e-impressao","status":"publish","type":"page","link":"https:\/\/the-right-bin.ch\/pt-pt\/proteccao-de-dados-e-impressao\/","title":{"rendered":"Protec\u00e7\u00e3o de dados e impress\u00e3o"},"content":{"rendered":"<!--themify_builder_content-->\n<div id=\"themify_builder_content-4177\" data-postid=\"4177\" class=\"themify_builder_content themify_builder_content-4177 themify_builder tf_clear\">\n                    <div  data-lazy=\"1\" class=\"module_row themify_builder_row tb_4hhn609 tb_first tf_w\">\n                        <div class=\"row_inner col_align_top tb_col_count_1 tf_box tf_rel\">\n                        <div  data-lazy=\"1\" class=\"module_column tb-column col-full tb_z1p4610 first\">\n                            <div  data-lazy=\"1\" class=\"module_subrow themify_builder_sub_row tf_w col_align_top tb_col_count_2 tb_crat911\">\n                <div  data-lazy=\"1\" class=\"module_column sub_column tb_y30u912 first\">\n                    <!-- module text -->\n<div  class=\"module module-text tb_in4l124   \" data-lazy=\"1\">\n        <div  class=\"tb_text_wrap\">\n        <h3>Pol\u00edtica de privacidade<\/h3>\n<p>A C\u00e2mara Municipal de Zermatt (a seguir denominada \u00abEWG\u00bb) processa os dados pessoais confidencialmente e em conformidade com os regulamentos legais de prote\u00e7\u00e3o de dados e com esta pol\u00edtica de privacidade. S\u00f3 divulga dados pessoais a terceiros, se tal lhe for exigido por lei ou por disposi\u00e7\u00f5es regulamentares.<\/p>\n<h5>Aviso legal<\/h5>\n<p>Einwohnergemeinde Zermatt<br>Kirchplatz 3<br>Postfach 345<br>CH-3920 Zermatt<\/p>    <\/div>\n<\/div>\n<!-- \/module text -->        <\/div>\n                    <div  data-lazy=\"1\" class=\"module_column sub_column tb_oba6913 last\">\n                    <!-- module image -->\n<div  class=\"module module-image tb_3rrd780 image-center   tf_mw hover-wow\" data-tf-animation_hover=\"pulse\" data-lazy=\"1\">\n        <div class=\"image-wrap tf_rel tf_mw\">\n            <img loading=\"lazy\" decoding=\"async\" src=\"https:\/\/the-right-bin.ch\/wp-content\/uploads\/2022\/09\/Rundbild-3-500x495-2-500x494.png\" width=\"500\" height=\"494\" class=\"wp-post-image wp-image-2613\" title=\"Rundbild-3-500x495\" alt=\"Rundbild-3-500x495\" srcset=\"https:\/\/the-right-bin.ch\/wp-content\/uploads\/2022\/09\/Rundbild-3-500x495-2.png 500w, https:\/\/the-right-bin.ch\/wp-content\/uploads\/2022\/09\/Rundbild-3-500x495-2-300x297.png 300w\" sizes=\"auto, (max-width: 500px) 100vw, 500px\" \/>    \n        <\/div>\n    <!-- \/image-wrap -->\n    \n        <\/div>\n<!-- \/module image -->        <\/div>\n                    <\/div>\n                <\/div>\n                        <\/div>\n        <\/div>\n                        <div  data-lazy=\"1\" class=\"module_row themify_builder_row tb_uloz127 tf_w\">\n                        <div class=\"row_inner col_align_top tb_col_count_1 tf_box tf_rel\">\n                        <div  data-lazy=\"1\" class=\"module_column tb-column col-full tb_z5hg128 first\">\n                            <div  data-lazy=\"1\" class=\"module_subrow themify_builder_sub_row tf_w col_align_top tb_col_count_2 tb_b509128\">\n                <div  data-lazy=\"1\" class=\"module_column sub_column tb_71eh128 first\">\n                    <!-- module text -->\n<div  class=\"module module-text tb_nxag128   \" data-lazy=\"1\">\n        <div  class=\"tb_text_wrap\">\n        <h5>Seguran\u00e7a de dados<\/h5>\n<p>Os dados n\u00e3o encriptados na Internet n\u00e3o est\u00e3o seguros. Por conseguinte, n\u00e3o se pode excluir que os dados n\u00e3o encriptados transmitidos possam ser lidos ou alterados por terceiros n\u00e3o autorizados.<\/p>\n<h5>Ficheiro de registo do servidor<\/h5>\n<p>O fornecedor das p\u00e1ginas recolhe e armazena informa\u00e7\u00f5es nos chamados ficheiros de registo (Log-files) do servidor, que o seu navegador nos transmite automaticamente. Estes s\u00e3o:<\/p>\n<ul>\n<li>Tipo de navegador \/ vers\u00e3o do navegador<\/li>\n<li>Sistema operativo utilizado<\/li>\n<li>URL de refer\u00eancia<\/li>\n<li>Nome do host do computador de acesso<\/li>\n<li>Hora do pedido ao servidor<\/li>\n<li>O seu endere\u00e7o IP<\/li>\n<\/ul>\n<p>Estes dados s\u00e3o an\u00f3nimos e, portanto, n\u00e3o podem ser rastreados at\u00e9 aos indiv\u00edduos. Na Su\u00ed\u00e7a, de acordo com a Lei Federal sobre a interce\u00e7\u00e3o legal de telecomunica\u00e7\u00f5es [\u00dcber\u00adwachung des Post- und Fernmelde\u00adverkehrs (B\u00dcPF)], existe o dever legal de reter os dados de liga\u00e7\u00e3o durante os \u00faltimos seis meses. Outros dados pessoais s\u00f3 s\u00e3o recolhidos apenas quando fornecidos voluntariamente.<\/p>    <\/div>\n<\/div>\n<!-- \/module text -->        <\/div>\n                    <div  data-lazy=\"1\" class=\"module_column sub_column tb_5c6s128 last\">\n                    <!-- module text -->\n<div  class=\"module module-text tb_b43o128   \" data-lazy=\"1\">\n        <div  class=\"tb_text_wrap\">\n        <h5>Formul\u00e1rio de contacto<\/h5>\n<p>Se nos enviar perguntas atrav\u00e9s do formul\u00e1rio de contacto, as informa\u00e7\u00f5es que nos fornecer no formul\u00e1rio de pedido, incluindo os dados de contacto que a\u00ed introduzir, ser\u00e3o armazenadas por n\u00f3s para efeitos de processamento do pedido e em caso de perguntas de seguimento, e s\u00f3 ser\u00e3o partilhadas com terceiros com o seu consentimento.<\/p>\n<h5>Google Analytics, Cookies e bot\u00f5es de redes sociais<\/h5>\n<p><span style=\"background-color: initial;\">O website da EWG n\u00e3o utiliza quaisquer ferramentas anal\u00edticas de terceiros (tais como o Google Analytics). N\u00e3o s\u00e3o utilizados cookies e bot\u00f5es de redes sociais (por exemplo, Facebook, Twitter, etc.).<br><\/span><\/p>\n<h5>Links e conte\u00fados integrados de terceiros<\/h5>\n<p>Os links a websites de terceiros e os conte\u00fados integrados de terceiros est\u00e3o fora da responsabilidade da EWG. No caso de websites ligados, o cumprimento dos regulamentos de prote\u00e7\u00e3o de dados \u00e9 da inteira responsabilidade do respetivo terceiro.<\/p>\n<h5>Direito de acesso \u00e0 informa\u00e7\u00e3o<\/h5>\n<p>Tem o direito de obter informa\u00e7\u00f5es sobre os seus dados pessoais armazenados. Para este fim, bem como para outras quest\u00f5es sobre os dados pessoais, pode contactar-nos por escrito para o endere\u00e7o indicado no aviso legal.<\/p>    <\/div>\n<\/div>\n<!-- \/module text -->        <\/div>\n                    <\/div>\n                <\/div>\n                        <\/div>\n        <\/div>\n                        <div  data-lazy=\"1\" class=\"module_row themify_builder_row tb_sl0d72 tf_w\">\n                        <div class=\"row_inner col_align_top tb_col_count_1 tf_box tf_rel\">\n                        <div  data-lazy=\"1\" class=\"module_column tb-column col-full tb_wg7c72 first\">\n                            <\/div>\n                        <\/div>\n        <\/div>\n        <\/div>\n<!--\/themify_builder_content-->","protected":false},"excerpt":{"rendered":"<p>Pol\u00edtica de privacidade A C\u00e2mara Municipal de Zermatt (a seguir denominada \u00abEWG\u00bb) processa os dados pessoais confidencialmente e em conformidade com os regulamentos legais de prote\u00e7\u00e3o de dados e com esta pol\u00edtica de privacidade. S\u00f3 divulga dados pessoais a terceiros, se tal lhe for exigido por lei ou por disposi\u00e7\u00f5es regulamentares. Aviso legal Einwohnergemeinde ZermattKirchplatz [&hellip;]<\/p>\n","protected":false},"author":1,"featured_media":0,"parent":0,"menu_order":0,"comment_status":"closed","ping_status":"closed","template":"","meta":{"footnotes":""},"class_list":["post-4177","page","type-page","status-publish","hentry","has-post-title","has-post-date","has-post-category","has-post-tag","has-post-comment","has-post-author",""],"yoast_head":"<!-- This site is optimized with the Yoast SEO plugin v27.2 - https:\/\/yoast.com\/product\/yoast-seo-wordpress\/ -->\n<title>Protec\u00e7\u00e3o de dados e impress\u00e3o | Zermatt Entsorgung \u2013 THE RIGHT BIN<\/title>\n<meta name=\"robots\" content=\"index, follow, max-snippet:-1, max-image-preview:large, max-video-preview:-1\" \/>\n<link rel=\"canonical\" href=\"https:\/\/the-right-bin.ch\/pt-pt\/proteccao-de-dados-e-impressao\/\" \/>\n<meta property=\"og:locale\" content=\"pt_PT\" \/>\n<meta property=\"og:type\" content=\"article\" \/>\n<meta property=\"og:title\" content=\"Protec\u00e7\u00e3o de dados e impress\u00e3o | Zermatt Entsorgung \u2013 THE RIGHT BIN\" \/>\n<meta property=\"og:description\" content=\"Pol\u00edtica de privacidade A C\u00e2mara Municipal de Zermatt (a seguir denominada \u00abEWG\u00bb) processa os dados pessoais confidencialmente e em conformidade com os regulamentos legais de prote\u00e7\u00e3o de dados e com esta pol\u00edtica de privacidade. S\u00f3 divulga dados pessoais a terceiros, se tal lhe for exigido por lei ou por disposi\u00e7\u00f5es regulamentares. Aviso legal Einwohnergemeinde ZermattKirchplatz [&hellip;]\" \/>\n<meta property=\"og:url\" content=\"https:\/\/the-right-bin.ch\/pt-pt\/proteccao-de-dados-e-impressao\/\" \/>\n<meta property=\"og:site_name\" content=\"Zermatt Entsorgung \u2013 THE RIGHT BIN\" \/>\n<meta property=\"article:modified_time\" content=\"2026-02-23T08:45:02+00:00\" \/>\n<meta property=\"og:image\" content=\"https:\/\/the-right-bin.ch\/wp-content\/uploads\/2022\/09\/Rundbild-3-500x495-2.png\" \/>\n\t<meta property=\"og:image:width\" content=\"500\" \/>\n\t<meta property=\"og:image:height\" content=\"495\" \/>\n\t<meta property=\"og:image:type\" content=\"image\/png\" \/>\n<meta name=\"twitter:card\" content=\"summary_large_image\" \/>\n<script type=\"application\/ld+json\" class=\"yoast-schema-graph\">{\"@context\":\"https:\/\/schema.org\",\"@graph\":[{\"@type\":\"WebPage\",\"@id\":\"https:\/\/the-right-bin.ch\/pt-pt\/proteccao-de-dados-e-impressao\/\",\"url\":\"https:\/\/the-right-bin.ch\/pt-pt\/proteccao-de-dados-e-impressao\/\",\"name\":\"Protec\u00e7\u00e3o de dados e impress\u00e3o | Zermatt Entsorgung \u2013 THE RIGHT BIN\",\"isPartOf\":{\"@id\":\"https:\/\/the-right-bin.ch\/pt-pt\/#website\"},\"primaryImageOfPage\":{\"@id\":\"https:\/\/the-right-bin.ch\/pt-pt\/proteccao-de-dados-e-impressao\/#primaryimage\"},\"image\":{\"@id\":\"https:\/\/the-right-bin.ch\/pt-pt\/proteccao-de-dados-e-impressao\/#primaryimage\"},\"thumbnailUrl\":\"https:\/\/the-right-bin.ch\/wp-content\/uploads\/2022\/09\/Rundbild-3-500x495-2-500x494.png\",\"datePublished\":\"2023-03-15T07:25:09+00:00\",\"dateModified\":\"2026-02-23T08:45:02+00:00\",\"breadcrumb\":{\"@id\":\"https:\/\/the-right-bin.ch\/pt-pt\/proteccao-de-dados-e-impressao\/#breadcrumb\"},\"inLanguage\":\"pt-PT\",\"potentialAction\":[{\"@type\":\"ReadAction\",\"target\":[\"https:\/\/the-right-bin.ch\/pt-pt\/proteccao-de-dados-e-impressao\/\"]}]},{\"@type\":\"ImageObject\",\"inLanguage\":\"pt-PT\",\"@id\":\"https:\/\/the-right-bin.ch\/pt-pt\/proteccao-de-dados-e-impressao\/#primaryimage\",\"url\":\"https:\/\/the-right-bin.ch\/wp-content\/uploads\/2022\/09\/Rundbild-3-500x495-2-500x494.png\",\"contentUrl\":\"https:\/\/the-right-bin.ch\/wp-content\/uploads\/2022\/09\/Rundbild-3-500x495-2-500x494.png\"},{\"@type\":\"BreadcrumbList\",\"@id\":\"https:\/\/the-right-bin.ch\/pt-pt\/proteccao-de-dados-e-impressao\/#breadcrumb\",\"itemListElement\":[{\"@type\":\"ListItem\",\"position\":1,\"name\":\"Startseite\",\"item\":\"https:\/\/the-right-bin.ch\/pt-pt\/\"},{\"@type\":\"ListItem\",\"position\":2,\"name\":\"Protec\u00e7\u00e3o de dados e impress\u00e3o\"}]},{\"@type\":\"WebSite\",\"@id\":\"https:\/\/the-right-bin.ch\/pt-pt\/#website\",\"url\":\"https:\/\/the-right-bin.ch\/pt-pt\/\",\"name\":\"Zermatt Entsorgung \u2013 THE RIGHT BIN\",\"description\":\"Die Wahl \u00abdes richtigen K\u00fcbels\u00bb ist dabei entscheidend. Machen Sie mit \u2013 sammeln Sie richtig!\u00bb\",\"publisher\":{\"@id\":\"https:\/\/the-right-bin.ch\/pt-pt\/#organization\"},\"alternateName\":\"Zermatt Entsorgung\",\"potentialAction\":[{\"@type\":\"SearchAction\",\"target\":{\"@type\":\"EntryPoint\",\"urlTemplate\":\"https:\/\/the-right-bin.ch\/pt-pt\/?s={search_term_string}\"},\"query-input\":{\"@type\":\"PropertyValueSpecification\",\"valueRequired\":true,\"valueName\":\"search_term_string\"}}],\"inLanguage\":\"pt-PT\"},{\"@type\":\"Organization\",\"@id\":\"https:\/\/the-right-bin.ch\/pt-pt\/#organization\",\"name\":\"\u00abTHE RIGHT BIN\u00bb \u2013 Zermatt Entsorgung\",\"url\":\"https:\/\/the-right-bin.ch\/pt-pt\/\",\"logo\":{\"@type\":\"ImageObject\",\"inLanguage\":\"pt-PT\",\"@id\":\"https:\/\/the-right-bin.ch\/pt-pt\/#\/schema\/logo\/image\/\",\"url\":\"https:\/\/the-right-bin.ch\/wp-content\/uploads\/2022\/09\/THE-RIGHT-BIN-Zermatt-Entsorgung-Logo-WEB-2.png\",\"contentUrl\":\"https:\/\/the-right-bin.ch\/wp-content\/uploads\/2022\/09\/THE-RIGHT-BIN-Zermatt-Entsorgung-Logo-WEB-2.png\",\"width\":1000,\"height\":1000,\"caption\":\"\u00abTHE RIGHT BIN\u00bb \u2013 Zermatt Entsorgung\"},\"image\":{\"@id\":\"https:\/\/the-right-bin.ch\/pt-pt\/#\/schema\/logo\/image\/\"}}]}<\/script>\n<!-- \/ Yoast SEO plugin. -->","yoast_head_json":{"title":"Protec\u00e7\u00e3o de dados e impress\u00e3o | Zermatt Entsorgung \u2013 THE RIGHT BIN","robots":{"index":"index","follow":"follow","max-snippet":"max-snippet:-1","max-image-preview":"max-image-preview:large","max-video-preview":"max-video-preview:-1"},"canonical":"https:\/\/the-right-bin.ch\/pt-pt\/proteccao-de-dados-e-impressao\/","og_locale":"pt_PT","og_type":"article","og_title":"Protec\u00e7\u00e3o de dados e impress\u00e3o | Zermatt Entsorgung \u2013 THE RIGHT BIN","og_description":"Pol\u00edtica de privacidade A C\u00e2mara Municipal de Zermatt (a seguir denominada \u00abEWG\u00bb) processa os dados pessoais confidencialmente e em conformidade com os regulamentos legais de prote\u00e7\u00e3o de dados e com esta pol\u00edtica de privacidade. S\u00f3 divulga dados pessoais a terceiros, se tal lhe for exigido por lei ou por disposi\u00e7\u00f5es regulamentares. Aviso legal Einwohnergemeinde ZermattKirchplatz [&hellip;]","og_url":"https:\/\/the-right-bin.ch\/pt-pt\/proteccao-de-dados-e-impressao\/","og_site_name":"Zermatt Entsorgung \u2013 THE RIGHT BIN","article_modified_time":"2026-02-23T08:45:02+00:00","og_image":[{"width":500,"height":495,"url":"https:\/\/the-right-bin.ch\/wp-content\/uploads\/2022\/09\/Rundbild-3-500x495-2.png","type":"image\/png"}],"twitter_card":"summary_large_image","schema":{"@context":"https:\/\/schema.org","@graph":[{"@type":"WebPage","@id":"https:\/\/the-right-bin.ch\/pt-pt\/proteccao-de-dados-e-impressao\/","url":"https:\/\/the-right-bin.ch\/pt-pt\/proteccao-de-dados-e-impressao\/","name":"Protec\u00e7\u00e3o de dados e impress\u00e3o | Zermatt Entsorgung \u2013 THE RIGHT BIN","isPartOf":{"@id":"https:\/\/the-right-bin.ch\/pt-pt\/#website"},"primaryImageOfPage":{"@id":"https:\/\/the-right-bin.ch\/pt-pt\/proteccao-de-dados-e-impressao\/#primaryimage"},"image":{"@id":"https:\/\/the-right-bin.ch\/pt-pt\/proteccao-de-dados-e-impressao\/#primaryimage"},"thumbnailUrl":"https:\/\/the-right-bin.ch\/wp-content\/uploads\/2022\/09\/Rundbild-3-500x495-2-500x494.png","datePublished":"2023-03-15T07:25:09+00:00","dateModified":"2026-02-23T08:45:02+00:00","breadcrumb":{"@id":"https:\/\/the-right-bin.ch\/pt-pt\/proteccao-de-dados-e-impressao\/#breadcrumb"},"inLanguage":"pt-PT","potentialAction":[{"@type":"ReadAction","target":["https:\/\/the-right-bin.ch\/pt-pt\/proteccao-de-dados-e-impressao\/"]}]},{"@type":"ImageObject","inLanguage":"pt-PT","@id":"https:\/\/the-right-bin.ch\/pt-pt\/proteccao-de-dados-e-impressao\/#primaryimage","url":"https:\/\/the-right-bin.ch\/wp-content\/uploads\/2022\/09\/Rundbild-3-500x495-2-500x494.png","contentUrl":"https:\/\/the-right-bin.ch\/wp-content\/uploads\/2022\/09\/Rundbild-3-500x495-2-500x494.png"},{"@type":"BreadcrumbList","@id":"https:\/\/the-right-bin.ch\/pt-pt\/proteccao-de-dados-e-impressao\/#breadcrumb","itemListElement":[{"@type":"ListItem","position":1,"name":"Startseite","item":"https:\/\/the-right-bin.ch\/pt-pt\/"},{"@type":"ListItem","position":2,"name":"Protec\u00e7\u00e3o de dados e impress\u00e3o"}]},{"@type":"WebSite","@id":"https:\/\/the-right-bin.ch\/pt-pt\/#website","url":"https:\/\/the-right-bin.ch\/pt-pt\/","name":"Zermatt Entsorgung \u2013 THE RIGHT BIN","description":"Die Wahl \u00abdes richtigen K\u00fcbels\u00bb ist dabei entscheidend. Machen Sie mit \u2013 sammeln Sie richtig!\u00bb","publisher":{"@id":"https:\/\/the-right-bin.ch\/pt-pt\/#organization"},"alternateName":"Zermatt Entsorgung","potentialAction":[{"@type":"SearchAction","target":{"@type":"EntryPoint","urlTemplate":"https:\/\/the-right-bin.ch\/pt-pt\/?s={search_term_string}"},"query-input":{"@type":"PropertyValueSpecification","valueRequired":true,"valueName":"search_term_string"}}],"inLanguage":"pt-PT"},{"@type":"Organization","@id":"https:\/\/the-right-bin.ch\/pt-pt\/#organization","name":"\u00abTHE RIGHT BIN\u00bb \u2013 Zermatt Entsorgung","url":"https:\/\/the-right-bin.ch\/pt-pt\/","logo":{"@type":"ImageObject","inLanguage":"pt-PT","@id":"https:\/\/the-right-bin.ch\/pt-pt\/#\/schema\/logo\/image\/","url":"https:\/\/the-right-bin.ch\/wp-content\/uploads\/2022\/09\/THE-RIGHT-BIN-Zermatt-Entsorgung-Logo-WEB-2.png","contentUrl":"https:\/\/the-right-bin.ch\/wp-content\/uploads\/2022\/09\/THE-RIGHT-BIN-Zermatt-Entsorgung-Logo-WEB-2.png","width":1000,"height":1000,"caption":"\u00abTHE RIGHT BIN\u00bb \u2013 Zermatt Entsorgung"},"image":{"@id":"https:\/\/the-right-bin.ch\/pt-pt\/#\/schema\/logo\/image\/"}}]}},"builder_content":"<h3>Pol\u00edtica de privacidade<\/h3> <p>A C\u00e2mara Municipal de Zermatt (a seguir denominada \u00abEWG\u00bb) processa os dados pessoais confidencialmente e em conformidade com os regulamentos legais de prote\u00e7\u00e3o de dados e com esta pol\u00edtica de privacidade. S\u00f3 divulga dados pessoais a terceiros, se tal lhe for exigido por lei ou por disposi\u00e7\u00f5es regulamentares.<\/p> <h5>Aviso legal<\/h5> <p>Einwohnergemeinde Zermatt<br>Kirchplatz 3<br>Postfach 345<br>CH-3920 Zermatt<\/p>\n<img src=\"https:\/\/the-right-bin.ch\/wp-content\/uploads\/2022\/09\/Rundbild-3-500x495-2-500x494.png\" width=\"500\" height=\"494\" title=\"Rundbild-3-500x495\" alt=\"Rundbild-3-500x495\" srcset=\"https:\/\/the-right-bin.ch\/wp-content\/uploads\/2022\/09\/Rundbild-3-500x495-2.png 500w, https:\/\/the-right-bin.ch\/wp-content\/uploads\/2022\/09\/Rundbild-3-500x495-2-300x297.png 300w\" sizes=\"(max-width: 500px) 100vw, 500px\" \/>\n<h5>Seguran\u00e7a de dados<\/h5> <p>Os dados n\u00e3o encriptados na Internet n\u00e3o est\u00e3o seguros. Por conseguinte, n\u00e3o se pode excluir que os dados n\u00e3o encriptados transmitidos possam ser lidos ou alterados por terceiros n\u00e3o autorizados.<\/p> <h5>Ficheiro de registo do servidor<\/h5> <p>O fornecedor das p\u00e1ginas recolhe e armazena informa\u00e7\u00f5es nos chamados ficheiros de registo (Log-files) do servidor, que o seu navegador nos transmite automaticamente. Estes s\u00e3o:<\/p> <ul> <li>Tipo de navegador \/ vers\u00e3o do navegador<\/li> <li>Sistema operativo utilizado<\/li> <li>URL de refer\u00eancia<\/li> <li>Nome do host do computador de acesso<\/li> <li>Hora do pedido ao servidor<\/li> <li>O seu endere\u00e7o IP<\/li> <\/ul> <p>Estes dados s\u00e3o an\u00f3nimos e, portanto, n\u00e3o podem ser rastreados at\u00e9 aos indiv\u00edduos. Na Su\u00ed\u00e7a, de acordo com a Lei Federal sobre a interce\u00e7\u00e3o legal de telecomunica\u00e7\u00f5es [\u00dcber\u00adwachung des Post- und Fernmelde\u00adverkehrs (B\u00dcPF)], existe o dever legal de reter os dados de liga\u00e7\u00e3o durante os \u00faltimos seis meses. Outros dados pessoais s\u00f3 s\u00e3o recolhidos apenas quando fornecidos voluntariamente.<\/p>\n<h5>Formul\u00e1rio de contacto<\/h5> <p>Se nos enviar perguntas atrav\u00e9s do formul\u00e1rio de contacto, as informa\u00e7\u00f5es que nos fornecer no formul\u00e1rio de pedido, incluindo os dados de contacto que a\u00ed introduzir, ser\u00e3o armazenadas por n\u00f3s para efeitos de processamento do pedido e em caso de perguntas de seguimento, e s\u00f3 ser\u00e3o partilhadas com terceiros com o seu consentimento.<\/p> <h5>Google Analytics, Cookies e bot\u00f5es de redes sociais<\/h5> <p>O website da EWG n\u00e3o utiliza quaisquer ferramentas anal\u00edticas de terceiros (tais como o Google Analytics). N\u00e3o s\u00e3o utilizados cookies e bot\u00f5es de redes sociais (por exemplo, Facebook, Twitter, etc.).<br><\/p> <h5>Links e conte\u00fados integrados de terceiros<\/h5> <p>Os links a websites de terceiros e os conte\u00fados integrados de terceiros est\u00e3o fora da responsabilidade da EWG. No caso de websites ligados, o cumprimento dos regulamentos de prote\u00e7\u00e3o de dados \u00e9 da inteira responsabilidade do respetivo terceiro.<\/p> <h5>Direito de acesso \u00e0 informa\u00e7\u00e3o<\/h5> <p>Tem o direito de obter informa\u00e7\u00f5es sobre os seus dados pessoais armazenados. Para este fim, bem como para outras quest\u00f5es sobre os dados pessoais, pode contactar-nos por escrito para o endere\u00e7o indicado no aviso legal.<\/p>","_links":{"self":[{"href":"https:\/\/the-right-bin.ch\/pt-pt\/wp-json\/wp\/v2\/pages\/4177","targetHints":{"allow":["GET"]}}],"collection":[{"href":"https:\/\/the-right-bin.ch\/pt-pt\/wp-json\/wp\/v2\/pages"}],"about":[{"href":"https:\/\/the-right-bin.ch\/pt-pt\/wp-json\/wp\/v2\/types\/page"}],"author":[{"embeddable":true,"href":"https:\/\/the-right-bin.ch\/pt-pt\/wp-json\/wp\/v2\/users\/1"}],"replies":[{"embeddable":true,"href":"https:\/\/the-right-bin.ch\/pt-pt\/wp-json\/wp\/v2\/comments?post=4177"}],"version-history":[{"count":7,"href":"https:\/\/the-right-bin.ch\/pt-pt\/wp-json\/wp\/v2\/pages\/4177\/revisions"}],"predecessor-version":[{"id":4743,"href":"https:\/\/the-right-bin.ch\/pt-pt\/wp-json\/wp\/v2\/pages\/4177\/revisions\/4743"}],"wp:attachment":[{"href":"https:\/\/the-right-bin.ch\/pt-pt\/wp-json\/wp\/v2\/media?parent=4177"}],"curies":[{"name":"wp","href":"https:\/\/api.w.org\/{rel}","templated":true}]}}