{"id":2440,"date":"2022-09-06T12:41:52","date_gmt":"2022-09-06T10:41:52","guid":{"rendered":"https:\/\/the-right-bin.ch\/residuos-de-vidro\/"},"modified":"2026-02-23T09:25:17","modified_gmt":"2026-02-23T08:25:17","slug":"residuos-de-vidro","status":"publish","type":"page","link":"https:\/\/the-right-bin.ch\/pt-pt\/residuos-de-vidro\/","title":{"rendered":"Res\u00edduos de vidro"},"content":{"rendered":"<!--themify_builder_content-->\n<div id=\"themify_builder_content-2440\" data-postid=\"2440\" class=\"themify_builder_content themify_builder_content-2440 themify_builder tf_clear\">\n                    <div  data-css_id=\"8x0y944\" data-lazy=\"1\" class=\"module_row themify_builder_row Background-Pfeil fullwidth_row_container tb_8x0y944 tb_first tf_w\">\n                        <div class=\"row_inner col_align_top tb_col_count_1 tf_box tf_rel\">\n                        <div  data-lazy=\"1\" class=\"module_column tb-column col-full tb_xyvp945 first\">\n                            <div  data-lazy=\"1\" class=\"module_subrow themify_builder_sub_row tf_w col_align_top tb_col_count_2 tb_1wul574\">\n                <div  data-lazy=\"1\" class=\"module_column sub_column col4-2 tb_d95u575 first\">\n                    <!-- module image -->\n<div  class=\"module module-image tb_tmfh808 image-center circle img-Detail-Seiten tf_mw wow\" data-tf-animation=\"rollIn\" data-tf-animation_delay=\"0.3\" data-lazy=\"1\">\n        <div class=\"image-wrap tf_rel tf_mw\">\n            <img loading=\"lazy\" decoding=\"async\" src=\"https:\/\/the-right-bin.ch\/wp-content\/uploads\/2022\/09\/Zermatt-Entsorgung-Altglas-1-480x480.png\" width=\"480\" height=\"480\" class=\"wp-post-image wp-image-1994\" title=\"Zermatt-Entsorgung-Altglas\" alt=\"Zermatt-Entsorgung-Altglas\" srcset=\"https:\/\/the-right-bin.ch\/wp-content\/uploads\/2022\/09\/Zermatt-Entsorgung-Altglas-1-480x480.png 480w, https:\/\/the-right-bin.ch\/wp-content\/uploads\/2022\/09\/Zermatt-Entsorgung-Altglas-1-300x300.png 300w, https:\/\/the-right-bin.ch\/wp-content\/uploads\/2022\/09\/Zermatt-Entsorgung-Altglas-1-150x150.png 150w, https:\/\/the-right-bin.ch\/wp-content\/uploads\/2022\/09\/Zermatt-Entsorgung-Altglas-1.png 638w\" sizes=\"auto, (max-width: 480px) 100vw, 480px\" \/>    \n        <\/div>\n    <!-- \/image-wrap -->\n    \n        <\/div>\n<!-- \/module image -->        <\/div>\n                    <div  data-lazy=\"1\" class=\"module_column sub_column col4-2 tb_4olm401 last\">\n                    <!-- module text -->\n<div  class=\"module module-text tb_o2oz967 Titel-Detail-Seiten    wow\" data-tf-animation=\"fadeIn\" data-tf-animation_delay=\"0.9\" data-lazy=\"1\">\n        <div  class=\"tb_text_wrap\">\n        <h1 class=\"h1-Titel-Detailseite\">Res\u00edduos de vidro<\/h1>\n    <\/div>\n<\/div>\n<!-- \/module text --><!-- module icon -->\n<div  class=\"module module-icon tb_ldjs204 Liste-Detail-Seiten  none icon_vertical  wow\" data-tf-animation=\"fadeInDown\" data-tf-animation_delay=\"0.5\" data-lazy=\"1\">\n\t\t\t<div class=\"module-icon-item\">\n\t\t\t\t\t\t\t\t\t\t\t\t\t\t\t\t<img loading=\"lazy\" decoding=\"async\" width=\"296\" height=\"296\" src=\"https:\/\/the-right-bin.ch\/wp-content\/uploads\/2022\/09\/Gutzeichen.png\" class=\"tf_box wp-post-image wp-image-2005\" title=\"Vidro descart\u00e1vel (sem tampas e outros objetos estranhos)\" alt=\"Vidro descart\u00e1vel (sem tampas e outros objetos estranhos)\" srcset=\"https:\/\/the-right-bin.ch\/wp-content\/uploads\/2022\/09\/Gutzeichen.png 296w, https:\/\/the-right-bin.ch\/wp-content\/uploads\/2022\/09\/Gutzeichen-150x150.png 150w\" sizes=\"auto, (max-width: 296px) 100vw, 296px\" \/>\t\t\t\t\t\t\t\t\t\t\t\t\t\t\t\t\t\t\t<span>Vidro descart\u00e1vel (sem tampas e outros objetos estranhos)<\/span>\n\t\t\t\t\t\t\t\t\t\t\t\t\t\t\t<\/div>\n\t\t\t<div class=\"module-icon-item\">\n\t\t\t\t\t\t\t\t\t\t\t\t\t\t\t\t<img loading=\"lazy\" decoding=\"async\" width=\"296\" height=\"296\" src=\"https:\/\/the-right-bin.ch\/wp-content\/uploads\/2022\/09\/Gutzeichen.png\" class=\"tf_box wp-post-image wp-image-2005\" title=\"Garrafas\" alt=\"Garrafas\" srcset=\"https:\/\/the-right-bin.ch\/wp-content\/uploads\/2022\/09\/Gutzeichen.png 296w, https:\/\/the-right-bin.ch\/wp-content\/uploads\/2022\/09\/Gutzeichen-150x150.png 150w\" sizes=\"auto, (max-width: 296px) 100vw, 296px\" \/>\t\t\t\t\t\t\t\t\t\t\t\t\t\t\t\t\t\t\t<span>Garrafas<\/span>\n\t\t\t\t\t\t\t\t\t\t\t\t\t\t\t<\/div>\n\t\t\t<div class=\"module-icon-item\">\n\t\t\t\t\t\t\t\t\t\t\t\t\t\t\t\t<img loading=\"lazy\" decoding=\"async\" width=\"296\" height=\"296\" src=\"https:\/\/the-right-bin.ch\/wp-content\/uploads\/2022\/09\/Gutzeichen.png\" class=\"tf_box wp-post-image wp-image-2005\" title=\"Garrafas de \u00f3leo\/azeite e vinagre \" alt=\"Garrafas de \u00f3leo\/azeite e vinagre \" srcset=\"https:\/\/the-right-bin.ch\/wp-content\/uploads\/2022\/09\/Gutzeichen.png 296w, https:\/\/the-right-bin.ch\/wp-content\/uploads\/2022\/09\/Gutzeichen-150x150.png 150w\" sizes=\"auto, (max-width: 296px) 100vw, 296px\" \/>\t\t\t\t\t\t\t\t\t\t\t\t\t\t\t\t\t\t\t<span>Garrafas de \u00f3leo\/azeite e vinagre <\/span>\n\t\t\t\t\t\t\t\t\t\t\t\t\t\t\t<\/div>\n\t\t\t<div class=\"module-icon-item\">\n\t\t\t\t\t\t\t\t\t\t\t\t\t\t\t\t<img loading=\"lazy\" decoding=\"async\" width=\"296\" height=\"296\" src=\"https:\/\/the-right-bin.ch\/wp-content\/uploads\/2022\/09\/Gutzeichen.png\" class=\"tf_box wp-post-image wp-image-2005\" title=\"Frascos de conserva\" alt=\"Frascos de conserva\" srcset=\"https:\/\/the-right-bin.ch\/wp-content\/uploads\/2022\/09\/Gutzeichen.png 296w, https:\/\/the-right-bin.ch\/wp-content\/uploads\/2022\/09\/Gutzeichen-150x150.png 150w\" sizes=\"auto, (max-width: 296px) 100vw, 296px\" \/>\t\t\t\t\t\t\t\t\t\t\t\t\t\t\t\t\t\t\t<span>Frascos de conserva<\/span>\n\t\t\t\t\t\t\t\t\t\t\t\t\t\t\t<\/div>\n\t<\/div>\n<!-- \/module icon -->\n<!-- module text -->\n<div  class=\"module module-text tb_wheh532    wow\" data-tf-animation=\"fadeIn\" data-tf-animation_delay=\"1.5\" data-lazy=\"1\">\n        <div  class=\"tb_text_wrap\">\n        <h5 class=\"h5-spezial\">O que n\u00e3o deve ser colocado aqui:<\/h5>    <\/div>\n<\/div>\n<!-- \/module text --><!-- module icon -->\n<div  class=\"module module-icon tb_c488325 Liste-Detail-Seiten  none icon_vertical  wow\" data-tf-animation=\"fadeInDown\" data-tf-animation_delay=\"1\" data-lazy=\"1\">\n\t\t\t<div class=\"module-icon-item\">\n\t\t\t\t\t\t\t\t\t\t\t\t\t\t\t\t<img loading=\"lazy\" decoding=\"async\" width=\"296\" height=\"296\" src=\"https:\/\/the-right-bin.ch\/wp-content\/uploads\/2022\/08\/Nichtgut.png\" class=\"tf_box wp-post-image wp-image-1970\" title=\"Copos de cristal e de vidro\" alt=\"Copos de cristal e de vidro\" srcset=\"https:\/\/the-right-bin.ch\/wp-content\/uploads\/2022\/08\/Nichtgut.png 296w, https:\/\/the-right-bin.ch\/wp-content\/uploads\/2022\/08\/Nichtgut-150x150.png 150w\" sizes=\"auto, (max-width: 296px) 100vw, 296px\" \/>\t\t\t\t\t\t\t\t\t\t\t\t\t\t\t\t\t\t\t<span>Copos de cristal e de vidro<\/span>\n\t\t\t\t\t\t\t\t\t\t\t\t\t\t\t<\/div>\n\t\t\t<div class=\"module-icon-item\">\n\t\t\t\t\t\t\t\t\t\t\t\t\t\t\t\t<img loading=\"lazy\" decoding=\"async\" width=\"296\" height=\"296\" src=\"https:\/\/the-right-bin.ch\/wp-content\/uploads\/2022\/08\/Nichtgut.png\" class=\"tf_box wp-post-image wp-image-1970\" title=\"Pratos de vidro\" alt=\"Pratos de vidro\" srcset=\"https:\/\/the-right-bin.ch\/wp-content\/uploads\/2022\/08\/Nichtgut.png 296w, https:\/\/the-right-bin.ch\/wp-content\/uploads\/2022\/08\/Nichtgut-150x150.png 150w\" sizes=\"auto, (max-width: 296px) 100vw, 296px\" \/>\t\t\t\t\t\t\t\t\t\t\t\t\t\t\t\t\t\t\t<span>Pratos de vidro<\/span>\n\t\t\t\t\t\t\t\t\t\t\t\t\t\t\t<\/div>\n\t\t\t<div class=\"module-icon-item\">\n\t\t\t\t\t\t\t\t\t\t\t\t\t\t\t\t<img loading=\"lazy\" decoding=\"async\" width=\"296\" height=\"296\" src=\"https:\/\/the-right-bin.ch\/wp-content\/uploads\/2022\/08\/Nichtgut.png\" class=\"tf_box wp-post-image wp-image-1970\" title=\"Vasos de vidro\" alt=\"Vasos de vidro\" srcset=\"https:\/\/the-right-bin.ch\/wp-content\/uploads\/2022\/08\/Nichtgut.png 296w, https:\/\/the-right-bin.ch\/wp-content\/uploads\/2022\/08\/Nichtgut-150x150.png 150w\" sizes=\"auto, (max-width: 296px) 100vw, 296px\" \/>\t\t\t\t\t\t\t\t\t\t\t\t\t\t\t\t\t\t\t<span>Vasos de vidro<\/span>\n\t\t\t\t\t\t\t\t\t\t\t\t\t\t\t<\/div>\n\t\t\t<div class=\"module-icon-item\">\n\t\t\t\t\t\t\t\t\t\t\t\t\t\t\t\t<img loading=\"lazy\" decoding=\"async\" width=\"296\" height=\"296\" src=\"https:\/\/the-right-bin.ch\/wp-content\/uploads\/2022\/08\/Nichtgut.png\" class=\"tf_box wp-post-image wp-image-1970\" title=\"Janelas e acr\u00edlico\" alt=\"Janelas e acr\u00edlico\" srcset=\"https:\/\/the-right-bin.ch\/wp-content\/uploads\/2022\/08\/Nichtgut.png 296w, https:\/\/the-right-bin.ch\/wp-content\/uploads\/2022\/08\/Nichtgut-150x150.png 150w\" sizes=\"auto, (max-width: 296px) 100vw, 296px\" \/>\t\t\t\t\t\t\t\t\t\t\t\t\t\t\t\t\t\t\t<span>Janelas e acr\u00edlico<\/span>\n\t\t\t\t\t\t\t\t\t\t\t\t\t\t\t<\/div>\n\t\t\t<div class=\"module-icon-item\">\n\t\t\t\t\t\t\t\t\t\t\t\t\t\t\t\t<img loading=\"lazy\" decoding=\"async\" width=\"296\" height=\"296\" src=\"https:\/\/the-right-bin.ch\/wp-content\/uploads\/2022\/08\/Nichtgut.png\" class=\"tf_box wp-post-image wp-image-1970\" title=\"Vidros de autom\u00f3veis\" alt=\"Vidros de autom\u00f3veis\" srcset=\"https:\/\/the-right-bin.ch\/wp-content\/uploads\/2022\/08\/Nichtgut.png 296w, https:\/\/the-right-bin.ch\/wp-content\/uploads\/2022\/08\/Nichtgut-150x150.png 150w\" sizes=\"auto, (max-width: 296px) 100vw, 296px\" \/>\t\t\t\t\t\t\t\t\t\t\t\t\t\t\t\t\t\t\t<span>Vidros de autom\u00f3veis<\/span>\n\t\t\t\t\t\t\t\t\t\t\t\t\t\t\t<\/div>\n\t\t\t<div class=\"module-icon-item\">\n\t\t\t\t\t\t\t\t\t\t\t\t\t\t\t\t<img loading=\"lazy\" decoding=\"async\" width=\"296\" height=\"296\" src=\"https:\/\/the-right-bin.ch\/wp-content\/uploads\/2022\/08\/Nichtgut.png\" class=\"tf_box wp-post-image wp-image-1970\" title=\"Espelhos\" alt=\"Espelhos\" srcset=\"https:\/\/the-right-bin.ch\/wp-content\/uploads\/2022\/08\/Nichtgut.png 296w, https:\/\/the-right-bin.ch\/wp-content\/uploads\/2022\/08\/Nichtgut-150x150.png 150w\" sizes=\"auto, (max-width: 296px) 100vw, 296px\" \/>\t\t\t\t\t\t\t\t\t\t\t\t\t\t\t\t\t\t\t<span>Espelhos<\/span>\n\t\t\t\t\t\t\t\t\t\t\t\t\t\t\t<\/div>\n\t<\/div>\n<!-- \/module icon -->\n        <\/div>\n                    <\/div>\n                <div  data-lazy=\"1\" class=\"module_subrow themify_builder_sub_row tf_w Box-unten-Detail-Seiten col_align_top gutter-narrow tb_col_count_3 tb_kvmo973 wow\" data-tf-animation=\"fadeInUp\">\n                <div  data-lazy=\"1\" class=\"module_column sub_column col3-1 tb_i6wg973 first\">\n                    <!-- module text -->\n<div  class=\"module module-text tb_63iv590 Titel-Klein-Detail-Seiten   \" data-lazy=\"1\">\n        <div  class=\"tb_text_wrap\">\n        <h5 class=\"h5-spezial\" style=\"text-align: left;\">Como separar<\/h5>    <\/div>\n<\/div>\n<!-- \/module text --><!-- module divider -->\n<div  class=\"module tf_mw module-divider tb_k91u391 solid Divi-Detail-Seiten  \" style=\"border-width: 3px;border-color: #1d70b8;margin-top: -15px;margin-bottom: 15px;\" data-lazy=\"1\">\n    <\/div>\n<!-- \/module divider -->\n<!-- module text -->\n<div  class=\"module module-text tb_5k2r946 Texte-Klein-Detail-Seiten   \" data-lazy=\"1\">\n        <div  class=\"tb_text_wrap\">\n        <p class=\"p-spezial\" style=\"text-align: left;\">Os r\u00f3tulos em papel podem ser deixados no vidro sem qualquer problema. No entanto, \u00e9 necess\u00e1rio remover as tampas. As tampas de folha-de-flandres podem ser eliminadas no contentor<a href=\"\/Zermatt-Entsorgung-Weissblech-Aluminium\/\">\u00ab<\/a><a style=\"letter-spacing: 0px; text-decoration-line: underline;\" href=\"https:\/\/the-right-bin.ch\/pt-pt\/folha-de-flandres-%c2%b7-aluminio\/\">Folha-de-flandres \u00b7 Alum\u00ednio<\/a><a style=\"letter-spacing: 0px;\" href=\"\/Zermatt-Entsorgung-Weissblech-Aluminium\/\">\u00bb<\/a><span style=\"letter-spacing: 0px;\">.<\/span><\/p>    <\/div>\n<\/div>\n<!-- \/module text -->        <\/div>\n                    <div  data-lazy=\"1\" class=\"module_column sub_column col3-1 tb_fjrm974\">\n                    <!-- module text -->\n<div  class=\"module module-text tb_7ib0164 Titel-Klein-Detail-Seiten   \" data-lazy=\"1\">\n        <div  class=\"tb_text_wrap\">\n        <h5 class=\"h5-spezial\" style=\"text-align: left;\">Local de entrega<\/h5>    <\/div>\n<\/div>\n<!-- \/module text --><!-- module divider -->\n<div  class=\"module tf_mw module-divider tb_e28y561 solid Divi-Detail-Seiten  \" style=\"border-width: 3px;border-color: #1d70b8;margin-top: -15px;margin-bottom: 15px;\" data-lazy=\"1\">\n    <\/div>\n<!-- \/module divider -->\n<!-- module text -->\n<div  class=\"module module-text tb_ogi8639 Texte-Klein-Detail-Seiten   \" data-lazy=\"1\">\n        <div  class=\"tb_text_wrap\">\n        <p class=\"p-spezial\" style=\"text-align: left;\">A recolha de vidro \u00e9 feita em contentores de vidro separados nos pontos de recolha p\u00fablicos. Al\u00e9m disso, as empresas t\u00eam a op\u00e7\u00e3o de utilizar o seu pr\u00f3prio contentor. <\/p>    <\/div>\n<\/div>\n<!-- \/module text -->        <\/div>\n                    <div  data-lazy=\"1\" class=\"module_column sub_column col3-1 tb_ydpm975 last\">\n                    <!-- module text -->\n<div  class=\"module module-text tb_knyi229 Titel-Klein-Detail-Seiten   \" data-lazy=\"1\">\n        <div  class=\"tb_text_wrap\">\n        <h5 class=\"h5-spezial\" style=\"text-align: left;\">Observa\u00e7\u00f5es<\/h5>\n    <\/div>\n<\/div>\n<!-- \/module text --><!-- module divider -->\n<div  class=\"module tf_mw module-divider tb_m2ee441 solid Divi-Detail-Seiten  \" style=\"border-width: 3px;border-color: #1d70b8;margin-top: -15px;margin-bottom: 15px;\" data-lazy=\"1\">\n    <\/div>\n<!-- \/module divider -->\n<!-- module text -->\n<div  class=\"module module-text tb_7e5m726 Texte-Klein-Detail-Seiten   \" data-lazy=\"1\">\n        <div  class=\"tb_text_wrap\">\n        <p class=\"p-spezial\" style=\"text-align: left;\">Futuramente, a administra\u00e7\u00e3o local de Zermatt pretende ainda utilizar o vidro como material recicl\u00e1vel para a produ\u00e7\u00e3o local de bet\u00e3o.<\/p>\n    <\/div>\n<\/div>\n<!-- \/module text -->        <\/div>\n                    <\/div>\n                <\/div>\n                        <\/div>\n        <\/div>\n                        <div  data-lazy=\"1\" class=\"module_row themify_builder_row tb_31u6658 tf_w\">\n                        <div class=\"row_inner col_align_top tb_col_count_1 tf_box tf_rel\">\n                        <div  data-lazy=\"1\" class=\"module_column tb-column col-full tb_vbol658 first\">\n                    <!-- module template_part -->\n<div  class=\"module module-layout-part tb_4o8b659 \">\n    <div class=\"tb_layout_part_wrap tf_w\"><!--themify_builder_content-->\n    <div  class=\"themify_builder_content themify_builder_content-2573 themify_builder not_editable_builder in_the_loop\" data-postid=\"2573\">\n                        <div  data-lazy=\"1\" class=\"module_row themify_builder_row tb_9pbu273 tf_w wow\" data-tf-animation=\"fadeIn\" data-tf-animation_delay=\"1\">\n                        <div class=\"row_inner col_align_top tb_col_count_1 tf_box tf_rel\">\n                        <div  data-lazy=\"1\" class=\"module_column tb-column col-full tb_8ids273 first\">\n                            <div  data-lazy=\"1\" class=\"module_subrow themify_builder_sub_row tf_w col_align_top tb_col_count_2 tb_j8j0273\">\n                <div  data-lazy=\"1\" class=\"module_column sub_column col4-3 tb_nvp1273 first\">\n                    <!-- module icon -->\n<div  class=\"module module-icon tb_35bi273    icon_horizontal tf_textr\" data-lazy=\"1\">\n\t\t\t<div class=\"module-icon-item\">\n\t\t\t\t\t\t\t<a href=\"https:\/\/the-right-bin.ch\/pt-pt\/\">\n\t\t\t\t\t\t\t\t\t\t\t\t\t\t\t\t\t<img loading=\"lazy\" decoding=\"async\" width=\"300\" height=\"300\" src=\"https:\/\/the-right-bin.ch\/wp-content\/uploads\/2022\/10\/Icon-Link-1.png\" class=\"tf_box wp-post-image wp-image-3142\" title=\"&lt;b&gt;\u00abTHE RIGHT BIN\u00bb \u2013 Info&lt;\/b&gt;\" alt=\"&lt;b&gt;\u00abTHE RIGHT BIN\u00bb \u2013 Info&lt;\/b&gt;\" srcset=\"https:\/\/the-right-bin.ch\/wp-content\/uploads\/2022\/10\/Icon-Link-1.png 300w, https:\/\/the-right-bin.ch\/wp-content\/uploads\/2022\/10\/Icon-Link-1-150x150.png 150w\" sizes=\"auto, (max-width: 300px) 100vw, 300px\" \/>\t\t\t\t\t\t\t\t\t\t\t\t\t\t\t\t\t\t\t<span><b>\u00abTHE RIGHT BIN\u00bb \u2013 Info<\/b><\/span>\n\t\t\t\t\t\t\t\t\t\t\t\t\t\t\t\t\t<\/a>\n\t\t\t\t\t<\/div>\n\t<\/div>\n<!-- \/module icon -->\n        <\/div>\n                    <div  data-lazy=\"1\" class=\"module_column sub_column col4-1 tb_ng14273 last\">\n                    <!-- module image -->\n<div  class=\"module module-image tb_fgtn273 image-overlay   auto_fullwidth tf_mw\" data-lazy=\"1\">\n        <div class=\"image-wrap tf_rel tf_mw\">\n            <a href=\"https:\/\/the-right-bin.ch\/pt-pt\/\">\n                   <img loading=\"lazy\" decoding=\"async\" width=\"638\" height=\"638\" src=\"https:\/\/the-right-bin.ch\/wp-content\/uploads\/2022\/09\/Zermatt-Entsorgung-Logo-k.png\" class=\"wp-post-image wp-image-2001\" title=\"Zermatt-Entsorgung-Logo-k\" alt=\"Zermatt-Entsorgung-Logo-k\" srcset=\"https:\/\/the-right-bin.ch\/wp-content\/uploads\/2022\/09\/Zermatt-Entsorgung-Logo-k.png 638w, https:\/\/the-right-bin.ch\/wp-content\/uploads\/2022\/09\/Zermatt-Entsorgung-Logo-k-300x300.png 300w, https:\/\/the-right-bin.ch\/wp-content\/uploads\/2022\/09\/Zermatt-Entsorgung-Logo-k-150x150.png 150w, https:\/\/the-right-bin.ch\/wp-content\/uploads\/2022\/09\/Zermatt-Entsorgung-Logo-k-250x250.png 250w\" sizes=\"auto, (max-width: 638px) 100vw, 638px\" \/>        <\/a>\n    \n    \n                <\/div>\n        <!-- \/image-wrap -->\n    <\/div>\n<!-- \/module image -->        <\/div>\n                    <\/div>\n                <\/div>\n                        <\/div>\n        <\/div>\n            <\/div>\n<!--\/themify_builder_content--><\/div>\n<\/div>\n<!-- \/module template_part -->        <\/div>\n                        <\/div>\n        <\/div>\n                        <div  data-lazy=\"1\" class=\"module_row themify_builder_row tb_mgle940 tf_w\">\n                        <div class=\"row_inner col_align_top tb_col_count_1 tf_box tf_rel\">\n                        <div  data-lazy=\"1\" class=\"module_column tb-column col-full tb_3h6e940 first\">\n                    <!-- module image -->\n<div  class=\"module module-image tb_ed13669 image-top   tf_mw wow\" data-tf-animation=\"fadeInUp\" data-lazy=\"1\">\n        <div class=\"image-wrap tf_rel tf_mw\">\n            <img loading=\"lazy\" decoding=\"async\" width=\"5000\" height=\"1182\" src=\"https:\/\/the-right-bin.ch\/wp-content\/uploads\/2022\/09\/Zermatt-Entsorgung-Altglas-Footer.png\" class=\"wp-post-image wp-image-2025\" title=\"Zermatt-Entsorgung-Altglas-Footer\" alt=\"Zermatt-Entsorgung-Altglas-Footer\" srcset=\"https:\/\/the-right-bin.ch\/wp-content\/uploads\/2022\/09\/Zermatt-Entsorgung-Altglas-Footer.png 5000w, https:\/\/the-right-bin.ch\/wp-content\/uploads\/2022\/09\/Zermatt-Entsorgung-Altglas-Footer-300x71.png 300w, https:\/\/the-right-bin.ch\/wp-content\/uploads\/2022\/09\/Zermatt-Entsorgung-Altglas-Footer-1024x242.png 1024w, https:\/\/the-right-bin.ch\/wp-content\/uploads\/2022\/09\/Zermatt-Entsorgung-Altglas-Footer-768x182.png 768w, https:\/\/the-right-bin.ch\/wp-content\/uploads\/2022\/09\/Zermatt-Entsorgung-Altglas-Footer-1536x363.png 1536w, https:\/\/the-right-bin.ch\/wp-content\/uploads\/2022\/09\/Zermatt-Entsorgung-Altglas-Footer-2048x484.png 2048w\" sizes=\"auto, (max-width: 5000px) 100vw, 5000px\" \/>    \n        <\/div>\n    <!-- \/image-wrap -->\n    \n        <\/div>\n<!-- \/module image -->        <\/div>\n                        <\/div>\n        <\/div>\n                        <div  data-css_id=\"lk6o262\" data-lazy=\"1\" class=\"module_row themify_builder_row fullwidth tb_lk6o262 tf_w\">\n                        <div class=\"row_inner col_align_top tb_col_count_1 tf_box tf_rel\">\n                        <div  data-lazy=\"1\" class=\"module_column tb-column col-full tb_lzce262 first\">\n                    <!-- module template_part -->\n<div  class=\"module module-layout-part tb_lh06263 \">\n    <div class=\"tb_layout_part_wrap tf_w\"><!--themify_builder_content-->\n    <div  class=\"themify_builder_content themify_builder_content-2545 themify_builder not_editable_builder in_the_loop\" data-postid=\"2545\">\n                        <div  data-lazy=\"1\" class=\"module_row themify_builder_row tb_aigl313 tf_w\">\n                        <div class=\"row_inner col_align_top tb_col_count_1 tf_box tf_rel\">\n                        <div  data-lazy=\"1\" class=\"module_column tb-column col-full tb_e3u0313 first\">\n                    <!-- module text -->\n<div  class=\"module module-text tb_8efd313   \" data-lazy=\"1\">\n        <div  class=\"tb_text_wrap\">\n        <h5 style=\"text-align: center;\">ELIMINA\u00c7\u00c3O SEPARADA &#8211; O FUTURO DOS RECICL\u00c1VEIS<\/h5>    <\/div>\n<\/div>\n<!-- \/module text -->        <\/div>\n                        <\/div>\n        <\/div>\n            <\/div>\n<!--\/themify_builder_content--><\/div>\n<\/div>\n<!-- \/module template_part -->        <\/div>\n                        <\/div>\n        <\/div>\n                        <div  data-css_id=\"2t1i781\" data-lazy=\"1\" class=\"module_row themify_builder_row fullwidth tb_2t1i781 tf_w\">\n                        <div class=\"row_inner col_align_top tb_col_count_1 tf_box tf_rel\">\n                        <div  data-lazy=\"1\" class=\"module_column tb-column col-full tb_hlai780 first\">\n                    <!-- module template_part -->\n<div  class=\"module module-layout-part tb_3uu6782 \">\n    <div class=\"tb_layout_part_wrap tf_w\"><!--themify_builder_content-->\n    <div  class=\"themify_builder_content themify_builder_content-2565 themify_builder not_editable_builder in_the_loop\" data-postid=\"2565\">\n                        <div  data-lazy=\"1\" class=\"module_row themify_builder_row tb_2rfz796 tf_w\">\n                        <div class=\"row_inner col_align_top gutter-narrow tb_col_count_4 tf_box tf_rel\">\n                        <div  data-lazy=\"1\" class=\"module_column tb-column col4-1 tb_5cai796 first\">\n                            <div  data-lazy=\"1\" class=\"module_subrow themify_builder_sub_row tf_w col_align_top tb_col_count_2 tb_lu6u796\">\n                <div  data-lazy=\"1\" class=\"module_column sub_column col4-2 tb_df22796 first\">\n                    <!-- module image -->\n<div  class=\"module module-image tb_on9u796 image-overlay   tf_mw\" data-lazy=\"1\">\n        <div class=\"image-wrap tf_rel tf_mw\">\n            <a href=\"https:\/\/the-right-bin.ch\/pt-pt\/lixo-domestico\/\">\n                   <img loading=\"lazy\" decoding=\"async\" width=\"638\" height=\"638\" src=\"https:\/\/the-right-bin.ch\/wp-content\/uploads\/2022\/09\/Zermatt-Entsorgung-Hauskericht-2.png\" class=\"wp-post-image wp-image-2819\" title=\"Zermatt-Entsorgung-Hauskericht\" alt=\"Zermatt-Entsorgung-Hauskericht\" srcset=\"https:\/\/the-right-bin.ch\/wp-content\/uploads\/2022\/09\/Zermatt-Entsorgung-Hauskericht-2.png 638w, https:\/\/the-right-bin.ch\/wp-content\/uploads\/2022\/09\/Zermatt-Entsorgung-Hauskericht-2-300x300.png 300w, https:\/\/the-right-bin.ch\/wp-content\/uploads\/2022\/09\/Zermatt-Entsorgung-Hauskericht-2-150x150.png 150w, https:\/\/the-right-bin.ch\/wp-content\/uploads\/2022\/09\/Zermatt-Entsorgung-Hauskericht-2-480x480.png 480w\" sizes=\"auto, (max-width: 638px) 100vw, 638px\" \/>        <\/a>\n    \n    \n                <\/div>\n        <!-- \/image-wrap -->\n    <\/div>\n<!-- \/module image --><!-- module text -->\n<div  class=\"module module-text tb_iui6581  repeat \" data-lazy=\"1\">\n        <div  class=\"tb_text_wrap\">\n        \n          <h6>Lixo dom\u00e9stico<\/h6>\n            <\/div>\n<\/div>\n<!-- \/module text -->        <\/div>\n                    <div  data-lazy=\"1\" class=\"module_column sub_column col4-2 tb_06uj796 last\">\n                    <!-- module image -->\n<div  class=\"module module-image tb_j6bg705 image-overlay   tf_mw\" data-lazy=\"1\">\n        <div class=\"image-wrap tf_rel tf_mw\">\n            <a href=\"https:\/\/the-right-bin.ch\/pt-pt\/papel-cartao\/\">\n                   <img loading=\"lazy\" decoding=\"async\" width=\"638\" height=\"638\" src=\"https:\/\/the-right-bin.ch\/wp-content\/uploads\/2022\/09\/Zermatt-Entsorgung-Papier-Karton-1.png\" class=\"wp-post-image wp-image-1999\" title=\"Zermatt-Entsorgung-Papier-Karton\" alt=\"Zermatt-Entsorgung-Papier-Karton\" srcset=\"https:\/\/the-right-bin.ch\/wp-content\/uploads\/2022\/09\/Zermatt-Entsorgung-Papier-Karton-1.png 638w, https:\/\/the-right-bin.ch\/wp-content\/uploads\/2022\/09\/Zermatt-Entsorgung-Papier-Karton-1-300x300.png 300w, https:\/\/the-right-bin.ch\/wp-content\/uploads\/2022\/09\/Zermatt-Entsorgung-Papier-Karton-1-150x150.png 150w, https:\/\/the-right-bin.ch\/wp-content\/uploads\/2022\/09\/Zermatt-Entsorgung-Papier-Karton-1-480x480.png 480w\" sizes=\"auto, (max-width: 638px) 100vw, 638px\" \/>        <\/a>\n    \n    \n                <\/div>\n        <!-- \/image-wrap -->\n    <\/div>\n<!-- \/module image --><!-- module text -->\n<div  class=\"module module-text tb_v3wg662  repeat \" data-lazy=\"1\">\n        <div  class=\"tb_text_wrap\">\n        \n          <h6>Papel \u2022 Cart\u00e3o<\/h6>\n            <\/div>\n<\/div>\n<!-- \/module text -->        <\/div>\n                    <\/div>\n                <\/div>\n                    <div  data-lazy=\"1\" class=\"module_column tb-column col4-1 tb_6uge796\">\n                            <div  data-lazy=\"1\" class=\"module_subrow themify_builder_sub_row tf_w col_align_top tb_col_count_2 tb_3loz796\">\n                <div  data-lazy=\"1\" class=\"module_column sub_column col4-2 tb_1ut9796 first\">\n                    <!-- module image -->\n<div  class=\"module module-image tb_qynq796 image-overlay   tf_mw\" data-lazy=\"1\">\n        <div class=\"image-wrap tf_rel tf_mw\">\n            <a href=\"https:\/\/the-right-bin.ch\/pt-pt\/residuos-de-vidro\/\">\n                   <img loading=\"lazy\" decoding=\"async\" width=\"638\" height=\"638\" src=\"https:\/\/the-right-bin.ch\/wp-content\/uploads\/2022\/09\/Zermatt-Entsorgung-Altglas-1.png\" class=\"wp-post-image wp-image-1994\" title=\"Zermatt-Entsorgung-Altglas\" alt=\"Zermatt-Entsorgung-Altglas\" srcset=\"https:\/\/the-right-bin.ch\/wp-content\/uploads\/2022\/09\/Zermatt-Entsorgung-Altglas-1.png 638w, https:\/\/the-right-bin.ch\/wp-content\/uploads\/2022\/09\/Zermatt-Entsorgung-Altglas-1-300x300.png 300w, https:\/\/the-right-bin.ch\/wp-content\/uploads\/2022\/09\/Zermatt-Entsorgung-Altglas-1-150x150.png 150w, https:\/\/the-right-bin.ch\/wp-content\/uploads\/2022\/09\/Zermatt-Entsorgung-Altglas-1-480x480.png 480w\" sizes=\"auto, (max-width: 638px) 100vw, 638px\" \/>        <\/a>\n    \n    \n                <\/div>\n        <!-- \/image-wrap -->\n    <\/div>\n<!-- \/module image --><!-- module text -->\n<div  class=\"module module-text tb_6u0v31  repeat \" data-lazy=\"1\">\n        <div  class=\"tb_text_wrap\">\n        \n          <h6>Res\u00edduos de vidro<\/h6>\n          \n\n            <\/div>\n<\/div>\n<!-- \/module text -->        <\/div>\n                    <div  data-lazy=\"1\" class=\"module_column sub_column col4-2 tb_6hcs796 last\">\n                    <!-- module image -->\n<div  class=\"module module-image tb_v3tn796 image-overlay   tf_mw\" data-lazy=\"1\">\n        <div class=\"image-wrap tf_rel tf_mw\">\n            <a href=\"https:\/\/the-right-bin.ch\/pt-pt\/folha-de-flandres-%c2%b7-aluminio\/\">\n                   <img loading=\"lazy\" decoding=\"async\" width=\"638\" height=\"638\" src=\"https:\/\/the-right-bin.ch\/wp-content\/uploads\/2022\/09\/Zermatt-Entsorgung-Weissblech-Aluminium-3.png\" class=\"wp-post-image wp-image-1993\" title=\"Zermatt-Entsorgung-Weissblech-Aluminium\" alt=\"Zermatt-Entsorgung-Weissblech-Aluminium\" srcset=\"https:\/\/the-right-bin.ch\/wp-content\/uploads\/2022\/09\/Zermatt-Entsorgung-Weissblech-Aluminium-3.png 638w, https:\/\/the-right-bin.ch\/wp-content\/uploads\/2022\/09\/Zermatt-Entsorgung-Weissblech-Aluminium-3-300x300.png 300w, https:\/\/the-right-bin.ch\/wp-content\/uploads\/2022\/09\/Zermatt-Entsorgung-Weissblech-Aluminium-3-150x150.png 150w, https:\/\/the-right-bin.ch\/wp-content\/uploads\/2022\/09\/Zermatt-Entsorgung-Weissblech-Aluminium-3-480x480.png 480w\" sizes=\"auto, (max-width: 638px) 100vw, 638px\" \/>        <\/a>\n    \n    \n                <\/div>\n        <!-- \/image-wrap -->\n    <\/div>\n<!-- \/module image --><!-- module text -->\n<div  class=\"module module-text tb_92y3489  repeat \" data-lazy=\"1\">\n        <div  class=\"tb_text_wrap\">\n        \n          <h6>FOLHA-DE-FLANDRES \u2022 ALUM\u00cdNIO<\/h6>\n            <\/div>\n<\/div>\n<!-- \/module text -->        <\/div>\n                    <\/div>\n                <\/div>\n                    <div  data-lazy=\"1\" class=\"module_column tb-column col4-1 tb_5m8k261\">\n                            <div  data-lazy=\"1\" class=\"module_subrow themify_builder_sub_row tf_w col_align_top tb_col_count_2 tb_upjh905\">\n                <div  data-lazy=\"1\" class=\"module_column sub_column col4-2 tb_0e9d905 first\">\n                    <!-- module image -->\n<div  class=\"module module-image tb_3l5e906 image-overlay   tf_mw\" data-lazy=\"1\">\n        <div class=\"image-wrap tf_rel tf_mw\">\n            <a href=\"https:\/\/the-right-bin.ch\/pt-pt\/pet-garrafas-de-bebida\/\">\n                   <img loading=\"lazy\" decoding=\"async\" width=\"638\" height=\"638\" src=\"https:\/\/the-right-bin.ch\/wp-content\/uploads\/2022\/09\/Zermatt-Entsorgung-PET-Getraenkeflaschen-1.png\" class=\"wp-post-image wp-image-1998\" title=\"Zermatt-Entsorgung-PET-Getraenkeflaschen\" alt=\"Zermatt-Entsorgung-PET-Getraenkeflaschen\" srcset=\"https:\/\/the-right-bin.ch\/wp-content\/uploads\/2022\/09\/Zermatt-Entsorgung-PET-Getraenkeflaschen-1.png 638w, https:\/\/the-right-bin.ch\/wp-content\/uploads\/2022\/09\/Zermatt-Entsorgung-PET-Getraenkeflaschen-1-300x300.png 300w, https:\/\/the-right-bin.ch\/wp-content\/uploads\/2022\/09\/Zermatt-Entsorgung-PET-Getraenkeflaschen-1-150x150.png 150w, https:\/\/the-right-bin.ch\/wp-content\/uploads\/2022\/09\/Zermatt-Entsorgung-PET-Getraenkeflaschen-1-480x480.png 480w\" sizes=\"auto, (max-width: 638px) 100vw, 638px\" \/>        <\/a>\n    \n    \n                <\/div>\n        <!-- \/image-wrap -->\n    <\/div>\n<!-- \/module image --><!-- module text -->\n<div  class=\"module module-text tb_7a7r933  repeat \" data-lazy=\"1\">\n        <div  class=\"tb_text_wrap\">\n        \n          <h6>PET-Garrafas de bebida<\/h6>\n            <\/div>\n<\/div>\n<!-- \/module text -->        <\/div>\n                    <div  data-lazy=\"1\" class=\"module_column sub_column col4-2 tb_ap3s906 last\">\n                    <!-- module image -->\n<div  class=\"module module-image tb_olke905 image-overlay   tf_mw\" data-lazy=\"1\">\n        <div class=\"image-wrap tf_rel tf_mw\">\n            <a href=\"https:\/\/the-right-bin.ch\/pt-pt\/residuo-jardino\/\">\n                   <img loading=\"lazy\" decoding=\"async\" width=\"638\" height=\"638\" src=\"https:\/\/the-right-bin.ch\/wp-content\/uploads\/2022\/09\/Zermatt-Entsorgung-Gartemabfaelle-3.png\" class=\"wp-post-image wp-image-2624\" title=\"Zermatt-Entsorgung-Gartemabfaelle\" alt=\"Zermatt-Entsorgung-Gartemabfaelle\" srcset=\"https:\/\/the-right-bin.ch\/wp-content\/uploads\/2022\/09\/Zermatt-Entsorgung-Gartemabfaelle-3.png 638w, https:\/\/the-right-bin.ch\/wp-content\/uploads\/2022\/09\/Zermatt-Entsorgung-Gartemabfaelle-3-300x300.png 300w, https:\/\/the-right-bin.ch\/wp-content\/uploads\/2022\/09\/Zermatt-Entsorgung-Gartemabfaelle-3-150x150.png 150w, https:\/\/the-right-bin.ch\/wp-content\/uploads\/2022\/09\/Zermatt-Entsorgung-Gartemabfaelle-3-480x480.png 480w\" sizes=\"auto, (max-width: 638px) 100vw, 638px\" \/>        <\/a>\n    \n    \n                <\/div>\n        <!-- \/image-wrap -->\n    <\/div>\n<!-- \/module image --><!-- module text -->\n<div  class=\"module module-text tb_gtls181  repeat \" data-lazy=\"1\">\n        <div  class=\"tb_text_wrap\">\n        \n          <h6>Res\u00edduo Jardino<\/h6>\n            <\/div>\n<\/div>\n<!-- \/module text -->        <\/div>\n                    <\/div>\n                <\/div>\n                    <div  data-lazy=\"1\" class=\"module_column tb-column col4-1 tb_cksd204 last\">\n                            <div  data-lazy=\"1\" class=\"module_subrow themify_builder_sub_row tf_w col_align_top tb_col_count_2 tb_2nff704\">\n                <div  data-lazy=\"1\" class=\"module_column sub_column col4-2 tb_yapp704 first\">\n                    <!-- module image -->\n<div  class=\"module module-image tb_2d1f796 image-overlay   tf_mw\" data-lazy=\"1\">\n        <div class=\"image-wrap tf_rel tf_mw\">\n            <a href=\"https:\/\/the-right-bin.ch\/pt-pt\/residuo-de-cozinha\/\">\n                   <img loading=\"lazy\" decoding=\"async\" width=\"638\" height=\"638\" src=\"https:\/\/the-right-bin.ch\/wp-content\/uploads\/2022\/09\/Zermatt-Entsorgung-Kuechenabfaelle-1.png\" class=\"wp-post-image wp-image-1996\" title=\"Zermatt-Entsorgung-Kuechenabfaelle\" alt=\"Zermatt-Entsorgung-Kuechenabfaelle\" srcset=\"https:\/\/the-right-bin.ch\/wp-content\/uploads\/2022\/09\/Zermatt-Entsorgung-Kuechenabfaelle-1.png 638w, https:\/\/the-right-bin.ch\/wp-content\/uploads\/2022\/09\/Zermatt-Entsorgung-Kuechenabfaelle-1-300x300.png 300w, https:\/\/the-right-bin.ch\/wp-content\/uploads\/2022\/09\/Zermatt-Entsorgung-Kuechenabfaelle-1-150x150.png 150w, https:\/\/the-right-bin.ch\/wp-content\/uploads\/2022\/09\/Zermatt-Entsorgung-Kuechenabfaelle-1-480x480.png 480w\" sizes=\"auto, (max-width: 638px) 100vw, 638px\" \/>        <\/a>\n    \n    \n                <\/div>\n        <!-- \/image-wrap -->\n    <\/div>\n<!-- \/module image --><!-- module text -->\n<div  class=\"module module-text tb_q03l294  repeat \" data-lazy=\"1\">\n        <div  class=\"tb_text_wrap\">\n        \n          <h6>Res\u00edduo de Cozinha<\/h6>\n            <\/div>\n<\/div>\n<!-- \/module text -->        <\/div>\n                    <div  data-lazy=\"1\" class=\"module_column sub_column col4-2 tb_h88e705 last\">\n                    <!-- module image -->\n<div  class=\"module module-image tb_y93a705 image-overlay   tf_mw\" data-lazy=\"1\">\n        <div class=\"image-wrap tf_rel tf_mw\">\n            <a href=\"https:\/\/the-right-bin.ch\/pt-pt\/oleos-comestiveis\/\">\n                   <img loading=\"lazy\" decoding=\"async\" width=\"638\" height=\"638\" src=\"https:\/\/the-right-bin.ch\/wp-content\/uploads\/2022\/09\/Zermatt-Entsorgung-Speiseoele-1.png\" class=\"wp-post-image wp-image-2000\" title=\"Zermatt-Entsorgung-Speiseoele\" alt=\"Zermatt-Entsorgung-Speiseoele\" srcset=\"https:\/\/the-right-bin.ch\/wp-content\/uploads\/2022\/09\/Zermatt-Entsorgung-Speiseoele-1.png 638w, https:\/\/the-right-bin.ch\/wp-content\/uploads\/2022\/09\/Zermatt-Entsorgung-Speiseoele-1-300x300.png 300w, https:\/\/the-right-bin.ch\/wp-content\/uploads\/2022\/09\/Zermatt-Entsorgung-Speiseoele-1-150x150.png 150w, https:\/\/the-right-bin.ch\/wp-content\/uploads\/2022\/09\/Zermatt-Entsorgung-Speiseoele-1-480x480.png 480w\" sizes=\"auto, (max-width: 638px) 100vw, 638px\" \/>        <\/a>\n    \n    \n                <\/div>\n        <!-- \/image-wrap -->\n    <\/div>\n<!-- \/module image --><!-- module text -->\n<div  class=\"module module-text tb_l5js48  repeat \" data-lazy=\"1\">\n        <div  class=\"tb_text_wrap\">\n        \n          <h6>\u00d3leos Comest\u00edveis<\/h6>\n            <\/div>\n<\/div>\n<!-- \/module text --><!-- module text -->\n<div  class=\"module module-text tb_9uww689  repeat \" data-lazy=\"1\">\n        <div  class=\"tb_text_wrap\">\n        \n          <h6 style=\"text-align: right;\">\n            <a href=\"https:\/\/www.elbow.be\/\" target=\"blank\">elbow.be<\/a>\n          <\/h6>\n            <\/div>\n<\/div>\n<!-- \/module text -->        <\/div>\n                    <\/div>\n                <\/div>\n                        <\/div>\n        <\/div>\n            <\/div>\n<!--\/themify_builder_content--><\/div>\n<\/div>\n<!-- \/module template_part -->        <\/div>\n                        <\/div>\n        <\/div>\n        <\/div>\n<!--\/themify_builder_content-->","protected":false},"excerpt":{"rendered":"<p>Res\u00edduos de vidro Vidro descart\u00e1vel (sem tampas e outros objetos estranhos) Garrafas Garrafas de \u00f3leo\/azeite e vinagre Frascos de conserva O que n\u00e3o deve ser colocado aqui: Copos de cristal e de vidro Pratos de vidro Vasos de vidro Janelas e acr\u00edlico Vidros de autom\u00f3veis Espelhos Como separar Os r\u00f3tulos em papel podem ser deixados [&hellip;]<\/p>\n","protected":false},"author":1,"featured_media":1994,"parent":0,"menu_order":0,"comment_status":"closed","ping_status":"closed","template":"","meta":{"footnotes":""},"class_list":["post-2440","page","type-page","status-publish","has-post-thumbnail","hentry","has-post-title","has-post-date","has-post-category","has-post-tag","has-post-comment","has-post-author",""],"yoast_head":"<!-- This site is optimized with the Yoast SEO plugin v27.2 - https:\/\/yoast.com\/product\/yoast-seo-wordpress\/ -->\n<title>Res\u00edduos de vidro \u2013 Zermatt Entsorgung<\/title>\n<meta name=\"description\" content=\"\u2713 Vidro descart\u00e1vel (sem pe\u00e7as de selagem e outros corpos estranhos) \/ \u2713 Garrafas de bebidas \/ \u2713 Garrafas de azeite e vinagre \/ \u2713 Frascos de conserva\" \/>\n<meta name=\"robots\" content=\"index, follow, max-snippet:-1, max-image-preview:large, max-video-preview:-1\" \/>\n<link rel=\"canonical\" href=\"https:\/\/the-right-bin.ch\/pt-pt\/residuos-de-vidro\/\" \/>\n<meta property=\"og:locale\" content=\"pt_PT\" \/>\n<meta property=\"og:type\" content=\"article\" \/>\n<meta property=\"og:title\" content=\"Res\u00edduos de vidro \u2013 Zermatt Entsorgung\" \/>\n<meta property=\"og:description\" content=\"\u2713 Vidro descart\u00e1vel (sem pe\u00e7as de selagem e outros corpos estranhos) \/ \u2713 Garrafas de bebidas \/ \u2713 Garrafas de azeite e vinagre \/ \u2713 Frascos de conserva\" \/>\n<meta property=\"og:url\" content=\"https:\/\/the-right-bin.ch\/pt-pt\/residuos-de-vidro\/\" \/>\n<meta property=\"og:site_name\" content=\"Zermatt Entsorgung \u2013 THE RIGHT BIN\" \/>\n<meta property=\"article:modified_time\" content=\"2026-02-23T08:25:17+00:00\" \/>\n<meta property=\"og:image\" content=\"https:\/\/the-right-bin.ch\/wp-content\/uploads\/2022\/09\/Zermatt-Entsorgung-Altglas-1.png\" \/>\n\t<meta property=\"og:image:width\" content=\"638\" \/>\n\t<meta property=\"og:image:height\" content=\"638\" \/>\n\t<meta property=\"og:image:type\" content=\"image\/png\" \/>\n<meta name=\"twitter:card\" content=\"summary_large_image\" \/>\n<meta name=\"twitter:label1\" content=\"Tempo estimado de leitura\" \/>\n\t<meta name=\"twitter:data1\" content=\"2 minutos\" \/>\n<script type=\"application\/ld+json\" class=\"yoast-schema-graph\">{\"@context\":\"https:\/\/schema.org\",\"@graph\":[{\"@type\":\"WebPage\",\"@id\":\"https:\/\/the-right-bin.ch\/pt-pt\/residuos-de-vidro\/\",\"url\":\"https:\/\/the-right-bin.ch\/pt-pt\/residuos-de-vidro\/\",\"name\":\"Res\u00edduos de vidro \u2013 Zermatt Entsorgung\",\"isPartOf\":{\"@id\":\"https:\/\/the-right-bin.ch\/pt-pt\/#website\"},\"primaryImageOfPage\":{\"@id\":\"https:\/\/the-right-bin.ch\/pt-pt\/residuos-de-vidro\/#primaryimage\"},\"image\":{\"@id\":\"https:\/\/the-right-bin.ch\/pt-pt\/residuos-de-vidro\/#primaryimage\"},\"thumbnailUrl\":\"https:\/\/the-right-bin.ch\/wp-content\/uploads\/2022\/09\/Zermatt-Entsorgung-Altglas-1.png\",\"datePublished\":\"2022-09-06T10:41:52+00:00\",\"dateModified\":\"2026-02-23T08:25:17+00:00\",\"description\":\"\u2713 Vidro descart\u00e1vel (sem pe\u00e7as de selagem e outros corpos estranhos) \/ \u2713 Garrafas de bebidas \/ \u2713 Garrafas de azeite e vinagre \/ \u2713 Frascos de conserva\",\"breadcrumb\":{\"@id\":\"https:\/\/the-right-bin.ch\/pt-pt\/residuos-de-vidro\/#breadcrumb\"},\"inLanguage\":\"pt-PT\",\"potentialAction\":[{\"@type\":\"ReadAction\",\"target\":[\"https:\/\/the-right-bin.ch\/pt-pt\/residuos-de-vidro\/\"]}]},{\"@type\":\"ImageObject\",\"inLanguage\":\"pt-PT\",\"@id\":\"https:\/\/the-right-bin.ch\/pt-pt\/residuos-de-vidro\/#primaryimage\",\"url\":\"https:\/\/the-right-bin.ch\/wp-content\/uploads\/2022\/09\/Zermatt-Entsorgung-Altglas-1.png\",\"contentUrl\":\"https:\/\/the-right-bin.ch\/wp-content\/uploads\/2022\/09\/Zermatt-Entsorgung-Altglas-1.png\",\"width\":638,\"height\":638},{\"@type\":\"BreadcrumbList\",\"@id\":\"https:\/\/the-right-bin.ch\/pt-pt\/residuos-de-vidro\/#breadcrumb\",\"itemListElement\":[{\"@type\":\"ListItem\",\"position\":1,\"name\":\"Startseite\",\"item\":\"https:\/\/the-right-bin.ch\/pt-pt\/\"},{\"@type\":\"ListItem\",\"position\":2,\"name\":\"Res\u00edduos de vidro\"}]},{\"@type\":\"WebSite\",\"@id\":\"https:\/\/the-right-bin.ch\/pt-pt\/#website\",\"url\":\"https:\/\/the-right-bin.ch\/pt-pt\/\",\"name\":\"Zermatt Entsorgung \u2013 THE RIGHT BIN\",\"description\":\"Die Wahl \u00abdes richtigen K\u00fcbels\u00bb ist dabei entscheidend. Machen Sie mit \u2013 sammeln Sie richtig!\u00bb\",\"publisher\":{\"@id\":\"https:\/\/the-right-bin.ch\/pt-pt\/#organization\"},\"alternateName\":\"Zermatt Entsorgung\",\"potentialAction\":[{\"@type\":\"SearchAction\",\"target\":{\"@type\":\"EntryPoint\",\"urlTemplate\":\"https:\/\/the-right-bin.ch\/pt-pt\/?s={search_term_string}\"},\"query-input\":{\"@type\":\"PropertyValueSpecification\",\"valueRequired\":true,\"valueName\":\"search_term_string\"}}],\"inLanguage\":\"pt-PT\"},{\"@type\":\"Organization\",\"@id\":\"https:\/\/the-right-bin.ch\/pt-pt\/#organization\",\"name\":\"\u00abTHE RIGHT BIN\u00bb \u2013 Zermatt Entsorgung\",\"url\":\"https:\/\/the-right-bin.ch\/pt-pt\/\",\"logo\":{\"@type\":\"ImageObject\",\"inLanguage\":\"pt-PT\",\"@id\":\"https:\/\/the-right-bin.ch\/pt-pt\/#\/schema\/logo\/image\/\",\"url\":\"https:\/\/the-right-bin.ch\/wp-content\/uploads\/2022\/09\/THE-RIGHT-BIN-Zermatt-Entsorgung-Logo-WEB-2.png\",\"contentUrl\":\"https:\/\/the-right-bin.ch\/wp-content\/uploads\/2022\/09\/THE-RIGHT-BIN-Zermatt-Entsorgung-Logo-WEB-2.png\",\"width\":1000,\"height\":1000,\"caption\":\"\u00abTHE RIGHT BIN\u00bb \u2013 Zermatt Entsorgung\"},\"image\":{\"@id\":\"https:\/\/the-right-bin.ch\/pt-pt\/#\/schema\/logo\/image\/\"}}]}<\/script>\n<!-- \/ Yoast SEO plugin. -->","yoast_head_json":{"title":"Res\u00edduos de vidro \u2013 Zermatt Entsorgung","description":"\u2713 Vidro descart\u00e1vel (sem pe\u00e7as de selagem e outros corpos estranhos) \/ \u2713 Garrafas de bebidas \/ \u2713 Garrafas de azeite e vinagre \/ \u2713 Frascos de conserva","robots":{"index":"index","follow":"follow","max-snippet":"max-snippet:-1","max-image-preview":"max-image-preview:large","max-video-preview":"max-video-preview:-1"},"canonical":"https:\/\/the-right-bin.ch\/pt-pt\/residuos-de-vidro\/","og_locale":"pt_PT","og_type":"article","og_title":"Res\u00edduos de vidro \u2013 Zermatt Entsorgung","og_description":"\u2713 Vidro descart\u00e1vel (sem pe\u00e7as de selagem e outros corpos estranhos) \/ \u2713 Garrafas de bebidas \/ \u2713 Garrafas de azeite e vinagre \/ \u2713 Frascos de conserva","og_url":"https:\/\/the-right-bin.ch\/pt-pt\/residuos-de-vidro\/","og_site_name":"Zermatt Entsorgung \u2013 THE RIGHT BIN","article_modified_time":"2026-02-23T08:25:17+00:00","og_image":[{"width":638,"height":638,"url":"https:\/\/the-right-bin.ch\/wp-content\/uploads\/2022\/09\/Zermatt-Entsorgung-Altglas-1.png","type":"image\/png"}],"twitter_card":"summary_large_image","twitter_misc":{"Tempo estimado de leitura":"2 minutos"},"schema":{"@context":"https:\/\/schema.org","@graph":[{"@type":"WebPage","@id":"https:\/\/the-right-bin.ch\/pt-pt\/residuos-de-vidro\/","url":"https:\/\/the-right-bin.ch\/pt-pt\/residuos-de-vidro\/","name":"Res\u00edduos de vidro \u2013 Zermatt Entsorgung","isPartOf":{"@id":"https:\/\/the-right-bin.ch\/pt-pt\/#website"},"primaryImageOfPage":{"@id":"https:\/\/the-right-bin.ch\/pt-pt\/residuos-de-vidro\/#primaryimage"},"image":{"@id":"https:\/\/the-right-bin.ch\/pt-pt\/residuos-de-vidro\/#primaryimage"},"thumbnailUrl":"https:\/\/the-right-bin.ch\/wp-content\/uploads\/2022\/09\/Zermatt-Entsorgung-Altglas-1.png","datePublished":"2022-09-06T10:41:52+00:00","dateModified":"2026-02-23T08:25:17+00:00","description":"\u2713 Vidro descart\u00e1vel (sem pe\u00e7as de selagem e outros corpos estranhos) \/ \u2713 Garrafas de bebidas \/ \u2713 Garrafas de azeite e vinagre \/ \u2713 Frascos de conserva","breadcrumb":{"@id":"https:\/\/the-right-bin.ch\/pt-pt\/residuos-de-vidro\/#breadcrumb"},"inLanguage":"pt-PT","potentialAction":[{"@type":"ReadAction","target":["https:\/\/the-right-bin.ch\/pt-pt\/residuos-de-vidro\/"]}]},{"@type":"ImageObject","inLanguage":"pt-PT","@id":"https:\/\/the-right-bin.ch\/pt-pt\/residuos-de-vidro\/#primaryimage","url":"https:\/\/the-right-bin.ch\/wp-content\/uploads\/2022\/09\/Zermatt-Entsorgung-Altglas-1.png","contentUrl":"https:\/\/the-right-bin.ch\/wp-content\/uploads\/2022\/09\/Zermatt-Entsorgung-Altglas-1.png","width":638,"height":638},{"@type":"BreadcrumbList","@id":"https:\/\/the-right-bin.ch\/pt-pt\/residuos-de-vidro\/#breadcrumb","itemListElement":[{"@type":"ListItem","position":1,"name":"Startseite","item":"https:\/\/the-right-bin.ch\/pt-pt\/"},{"@type":"ListItem","position":2,"name":"Res\u00edduos de vidro"}]},{"@type":"WebSite","@id":"https:\/\/the-right-bin.ch\/pt-pt\/#website","url":"https:\/\/the-right-bin.ch\/pt-pt\/","name":"Zermatt Entsorgung \u2013 THE RIGHT BIN","description":"Die Wahl \u00abdes richtigen K\u00fcbels\u00bb ist dabei entscheidend. Machen Sie mit \u2013 sammeln Sie richtig!\u00bb","publisher":{"@id":"https:\/\/the-right-bin.ch\/pt-pt\/#organization"},"alternateName":"Zermatt Entsorgung","potentialAction":[{"@type":"SearchAction","target":{"@type":"EntryPoint","urlTemplate":"https:\/\/the-right-bin.ch\/pt-pt\/?s={search_term_string}"},"query-input":{"@type":"PropertyValueSpecification","valueRequired":true,"valueName":"search_term_string"}}],"inLanguage":"pt-PT"},{"@type":"Organization","@id":"https:\/\/the-right-bin.ch\/pt-pt\/#organization","name":"\u00abTHE RIGHT BIN\u00bb \u2013 Zermatt Entsorgung","url":"https:\/\/the-right-bin.ch\/pt-pt\/","logo":{"@type":"ImageObject","inLanguage":"pt-PT","@id":"https:\/\/the-right-bin.ch\/pt-pt\/#\/schema\/logo\/image\/","url":"https:\/\/the-right-bin.ch\/wp-content\/uploads\/2022\/09\/THE-RIGHT-BIN-Zermatt-Entsorgung-Logo-WEB-2.png","contentUrl":"https:\/\/the-right-bin.ch\/wp-content\/uploads\/2022\/09\/THE-RIGHT-BIN-Zermatt-Entsorgung-Logo-WEB-2.png","width":1000,"height":1000,"caption":"\u00abTHE RIGHT BIN\u00bb \u2013 Zermatt Entsorgung"},"image":{"@id":"https:\/\/the-right-bin.ch\/pt-pt\/#\/schema\/logo\/image\/"}}]}},"builder_content":"<img src=\"https:\/\/the-right-bin.ch\/wp-content\/uploads\/2022\/09\/Zermatt-Entsorgung-Altglas-1-480x480.png\" width=\"480\" height=\"480\" title=\"Zermatt-Entsorgung-Altglas\" alt=\"Zermatt-Entsorgung-Altglas\" srcset=\"https:\/\/the-right-bin.ch\/wp-content\/uploads\/2022\/09\/Zermatt-Entsorgung-Altglas-1-480x480.png 480w, https:\/\/the-right-bin.ch\/wp-content\/uploads\/2022\/09\/Zermatt-Entsorgung-Altglas-1-300x300.png 300w, https:\/\/the-right-bin.ch\/wp-content\/uploads\/2022\/09\/Zermatt-Entsorgung-Altglas-1-150x150.png 150w, https:\/\/the-right-bin.ch\/wp-content\/uploads\/2022\/09\/Zermatt-Entsorgung-Altglas-1.png 638w\" sizes=\"(max-width: 480px) 100vw, 480px\" \/>\n<h1>Res\u00edduos de vidro<\/h1>\n<img src=\"https:\/\/the-right-bin.ch\/wp-content\/uploads\/2022\/09\/Gutzeichen.png\" title=\"Vidro descart\u00e1vel (sem tampas e outros objetos estranhos)\" alt=\"Vidro descart\u00e1vel (sem tampas e outros objetos estranhos)\" srcset=\"https:\/\/the-right-bin.ch\/wp-content\/uploads\/2022\/09\/Gutzeichen.png 296w, https:\/\/the-right-bin.ch\/wp-content\/uploads\/2022\/09\/Gutzeichen-150x150.png 150w\" sizes=\"(max-width: 296px) 100vw, 296px\" \/> Vidro descart\u00e1vel (sem tampas e outros objetos estranhos) <img src=\"https:\/\/the-right-bin.ch\/wp-content\/uploads\/2022\/09\/Gutzeichen.png\" title=\"Garrafas\" alt=\"Garrafas\" srcset=\"https:\/\/the-right-bin.ch\/wp-content\/uploads\/2022\/09\/Gutzeichen.png 296w, https:\/\/the-right-bin.ch\/wp-content\/uploads\/2022\/09\/Gutzeichen-150x150.png 150w\" sizes=\"(max-width: 296px) 100vw, 296px\" \/> Garrafas <img src=\"https:\/\/the-right-bin.ch\/wp-content\/uploads\/2022\/09\/Gutzeichen.png\" title=\"Garrafas de \u00f3leo\/azeite e vinagre \" alt=\"Garrafas de \u00f3leo\/azeite e vinagre \" srcset=\"https:\/\/the-right-bin.ch\/wp-content\/uploads\/2022\/09\/Gutzeichen.png 296w, https:\/\/the-right-bin.ch\/wp-content\/uploads\/2022\/09\/Gutzeichen-150x150.png 150w\" sizes=\"(max-width: 296px) 100vw, 296px\" \/> Garrafas de \u00f3leo\/azeite e vinagre <img src=\"https:\/\/the-right-bin.ch\/wp-content\/uploads\/2022\/09\/Gutzeichen.png\" title=\"Frascos de conserva\" alt=\"Frascos de conserva\" srcset=\"https:\/\/the-right-bin.ch\/wp-content\/uploads\/2022\/09\/Gutzeichen.png 296w, https:\/\/the-right-bin.ch\/wp-content\/uploads\/2022\/09\/Gutzeichen-150x150.png 150w\" sizes=\"(max-width: 296px) 100vw, 296px\" \/> Frascos de conserva\n<h5>O que n\u00e3o deve ser colocado aqui:<\/h5>\n<img src=\"https:\/\/the-right-bin.ch\/wp-content\/uploads\/2022\/08\/Nichtgut.png\" title=\"Copos de cristal e de vidro\" alt=\"Copos de cristal e de vidro\" srcset=\"https:\/\/the-right-bin.ch\/wp-content\/uploads\/2022\/08\/Nichtgut.png 296w, https:\/\/the-right-bin.ch\/wp-content\/uploads\/2022\/08\/Nichtgut-150x150.png 150w\" sizes=\"(max-width: 296px) 100vw, 296px\" \/> Copos de cristal e de vidro <img src=\"https:\/\/the-right-bin.ch\/wp-content\/uploads\/2022\/08\/Nichtgut.png\" title=\"Pratos de vidro\" alt=\"Pratos de vidro\" srcset=\"https:\/\/the-right-bin.ch\/wp-content\/uploads\/2022\/08\/Nichtgut.png 296w, https:\/\/the-right-bin.ch\/wp-content\/uploads\/2022\/08\/Nichtgut-150x150.png 150w\" sizes=\"(max-width: 296px) 100vw, 296px\" \/> Pratos de vidro <img src=\"https:\/\/the-right-bin.ch\/wp-content\/uploads\/2022\/08\/Nichtgut.png\" title=\"Vasos de vidro\" alt=\"Vasos de vidro\" srcset=\"https:\/\/the-right-bin.ch\/wp-content\/uploads\/2022\/08\/Nichtgut.png 296w, https:\/\/the-right-bin.ch\/wp-content\/uploads\/2022\/08\/Nichtgut-150x150.png 150w\" sizes=\"(max-width: 296px) 100vw, 296px\" \/> Vasos de vidro <img src=\"https:\/\/the-right-bin.ch\/wp-content\/uploads\/2022\/08\/Nichtgut.png\" title=\"Janelas e acr\u00edlico\" alt=\"Janelas e acr\u00edlico\" srcset=\"https:\/\/the-right-bin.ch\/wp-content\/uploads\/2022\/08\/Nichtgut.png 296w, https:\/\/the-right-bin.ch\/wp-content\/uploads\/2022\/08\/Nichtgut-150x150.png 150w\" sizes=\"(max-width: 296px) 100vw, 296px\" \/> Janelas e acr\u00edlico <img src=\"https:\/\/the-right-bin.ch\/wp-content\/uploads\/2022\/08\/Nichtgut.png\" title=\"Vidros de autom\u00f3veis\" alt=\"Vidros de autom\u00f3veis\" srcset=\"https:\/\/the-right-bin.ch\/wp-content\/uploads\/2022\/08\/Nichtgut.png 296w, https:\/\/the-right-bin.ch\/wp-content\/uploads\/2022\/08\/Nichtgut-150x150.png 150w\" sizes=\"(max-width: 296px) 100vw, 296px\" \/> Vidros de autom\u00f3veis <img src=\"https:\/\/the-right-bin.ch\/wp-content\/uploads\/2022\/08\/Nichtgut.png\" title=\"Espelhos\" alt=\"Espelhos\" srcset=\"https:\/\/the-right-bin.ch\/wp-content\/uploads\/2022\/08\/Nichtgut.png 296w, https:\/\/the-right-bin.ch\/wp-content\/uploads\/2022\/08\/Nichtgut-150x150.png 150w\" sizes=\"(max-width: 296px) 100vw, 296px\" \/> Espelhos\n<h5 style=\"text-align: left;\">Como separar<\/h5>\n\n<p style=\"text-align: left;\">Os r\u00f3tulos em papel podem ser deixados no vidro sem qualquer problema. No entanto, \u00e9 necess\u00e1rio remover as tampas. As tampas de folha-de-flandres podem ser eliminadas no contentor<a href=\"\/Zermatt-Entsorgung-Weissblech-Aluminium\/\">\u00ab<\/a><a style=\"letter-spacing: 0px; text-decoration-line: underline;\" href=\"https:\/\/the-right-bin.ch\/pt-pt\/folha-de-flandres-%c2%b7-aluminio\/\">Folha-de-flandres \u00b7 Alum\u00ednio<\/a><a style=\"letter-spacing: 0px;\" href=\"\/Zermatt-Entsorgung-Weissblech-Aluminium\/\">\u00bb<\/a>.<\/p>\n<h5 style=\"text-align: left;\">Local de entrega<\/h5>\n\n<p style=\"text-align: left;\">A recolha de vidro \u00e9 feita em contentores de vidro separados nos pontos de recolha p\u00fablicos. Al\u00e9m disso, as empresas t\u00eam a op\u00e7\u00e3o de utilizar o seu pr\u00f3prio contentor. <\/p>\n<h5 style=\"text-align: left;\">Observa\u00e7\u00f5es<\/h5>\n\n<p style=\"text-align: left;\">Futuramente, a administra\u00e7\u00e3o local de Zermatt pretende ainda utilizar o vidro como material recicl\u00e1vel para a produ\u00e7\u00e3o local de bet\u00e3o.<\/p>\n<img src=\"https:\/\/the-right-bin.ch\/wp-content\/uploads\/2022\/09\/Zermatt-Entsorgung-Altglas-Footer.png\" title=\"Zermatt-Entsorgung-Altglas-Footer\" alt=\"Zermatt-Entsorgung-Altglas-Footer\" srcset=\"https:\/\/the-right-bin.ch\/wp-content\/uploads\/2022\/09\/Zermatt-Entsorgung-Altglas-Footer.png 5000w, https:\/\/the-right-bin.ch\/wp-content\/uploads\/2022\/09\/Zermatt-Entsorgung-Altglas-Footer-300x71.png 300w, https:\/\/the-right-bin.ch\/wp-content\/uploads\/2022\/09\/Zermatt-Entsorgung-Altglas-Footer-1024x242.png 1024w, https:\/\/the-right-bin.ch\/wp-content\/uploads\/2022\/09\/Zermatt-Entsorgung-Altglas-Footer-768x182.png 768w, https:\/\/the-right-bin.ch\/wp-content\/uploads\/2022\/09\/Zermatt-Entsorgung-Altglas-Footer-1536x363.png 1536w, https:\/\/the-right-bin.ch\/wp-content\/uploads\/2022\/09\/Zermatt-Entsorgung-Altglas-Footer-2048x484.png 2048w\" sizes=\"(max-width: 5000px) 100vw, 5000px\" \/>","_links":{"self":[{"href":"https:\/\/the-right-bin.ch\/pt-pt\/wp-json\/wp\/v2\/pages\/2440","targetHints":{"allow":["GET"]}}],"collection":[{"href":"https:\/\/the-right-bin.ch\/pt-pt\/wp-json\/wp\/v2\/pages"}],"about":[{"href":"https:\/\/the-right-bin.ch\/pt-pt\/wp-json\/wp\/v2\/types\/page"}],"author":[{"embeddable":true,"href":"https:\/\/the-right-bin.ch\/pt-pt\/wp-json\/wp\/v2\/users\/1"}],"replies":[{"embeddable":true,"href":"https:\/\/the-right-bin.ch\/pt-pt\/wp-json\/wp\/v2\/comments?post=2440"}],"version-history":[{"count":5,"href":"https:\/\/the-right-bin.ch\/pt-pt\/wp-json\/wp\/v2\/pages\/2440\/revisions"}],"predecessor-version":[{"id":4623,"href":"https:\/\/the-right-bin.ch\/pt-pt\/wp-json\/wp\/v2\/pages\/2440\/revisions\/4623"}],"wp:featuredmedia":[{"embeddable":true,"href":"https:\/\/the-right-bin.ch\/pt-pt\/wp-json\/wp\/v2\/media\/1994"}],"wp:attachment":[{"href":"https:\/\/the-right-bin.ch\/pt-pt\/wp-json\/wp\/v2\/media?parent=2440"}],"curies":[{"name":"wp","href":"https:\/\/api.w.org\/{rel}","templated":true}]}}