{"id":2378,"date":"2022-09-26T07:19:53","date_gmt":"2022-09-26T05:19:53","guid":{"rendered":"https:\/\/the-right-bin.ch\/home\/"},"modified":"2026-03-25T16:37:05","modified_gmt":"2026-03-25T15:37:05","slug":"home","status":"publish","type":"page","link":"https:\/\/the-right-bin.ch\/fr\/","title":{"rendered":"Info + \u00abBins\u00bb"},"content":{"rendered":"<!--themify_builder_content-->\n<div id=\"themify_builder_content-2378\" data-postid=\"2378\" class=\"themify_builder_content themify_builder_content-2378 themify_builder tf_clear\">\n                    <div  data-css_id=\"uh6h647\" data-lazy=\"1\" class=\"module_row themify_builder_row fullwidth_row_container tb_uh6h647 tb_first tf_w\">\n                        <div class=\"row_inner col_align_top tb_col_count_1 tf_box tf_rel\">\n                        <div  data-lazy=\"1\" class=\"module_column tb-column col-full tb_8zpz648 first\">\n                    <!-- module text -->\n<div  class=\"module module-text tb_c784904   \" data-lazy=\"1\">\n        <div  class=\"tb_text_wrap\">\n        <h1 id=\"h1-home\">ZERMATT ENTSORGUNG<\/h1>    <\/div>\n<\/div>\n<!-- \/module text --><!-- module text -->\n<div  class=\"module module-text tb_su6j386   \" data-lazy=\"1\">\n        <div  class=\"tb_text_wrap\">\n        <h5 style=\"text-align: center;\">Zermatt \u00c9limination<\/h5>    <\/div>\n<\/div>\n<!-- \/module text --><!-- module image -->\n<div  class=\"module module-image tb_5zms830 image-center   tf_mw hover-wow wow\" data-tf-animation_hover=\"pulse\" data-tf-animation=\"bounceIn\" data-lazy=\"1\" id=\"Logo-Head\">\n        <div class=\"image-wrap tf_rel tf_mw\">\n            <img loading=\"lazy\" decoding=\"async\" width=\"1000\" height=\"1000\" src=\"https:\/\/the-right-bin.ch\/wp-content\/uploads\/2022\/09\/THE-RIGHT-BIN-Zermatt-Entsorgung-Logo-WEB.png\" class=\"wp-post-image wp-image-1482\" title=\"THE-RIGHT-BIN-Zermatt-Entsorgung-Logo-WEB\" alt=\"THE-RIGHT-BIN-Zermatt-Entsorgung-Logo-WEB\" srcset=\"https:\/\/the-right-bin.ch\/wp-content\/uploads\/2022\/09\/THE-RIGHT-BIN-Zermatt-Entsorgung-Logo-WEB.png 1000w, https:\/\/the-right-bin.ch\/wp-content\/uploads\/2022\/09\/THE-RIGHT-BIN-Zermatt-Entsorgung-Logo-WEB-300x300.png 300w, https:\/\/the-right-bin.ch\/wp-content\/uploads\/2022\/09\/THE-RIGHT-BIN-Zermatt-Entsorgung-Logo-WEB-150x150.png 150w, https:\/\/the-right-bin.ch\/wp-content\/uploads\/2022\/09\/THE-RIGHT-BIN-Zermatt-Entsorgung-Logo-WEB-768x768.png 768w, https:\/\/the-right-bin.ch\/wp-content\/uploads\/2022\/09\/THE-RIGHT-BIN-Zermatt-Entsorgung-Logo-WEB-978x978.png 978w, https:\/\/the-right-bin.ch\/wp-content\/uploads\/2022\/09\/THE-RIGHT-BIN-Zermatt-Entsorgung-Logo-WEB-400x400.png 400w\" sizes=\"auto, (max-width: 1000px) 100vw, 1000px\" \/>    \n        <\/div>\n    <!-- \/image-wrap -->\n    \n        <\/div>\n<!-- \/module image -->        <\/div>\n                        <\/div>\n        <\/div>\n                        <div  data-css_id=\"bxzl903\" data-lazy=\"1\" class=\"module_row themify_builder_row fullwidth_row_container tb_bxzl903 tf_w\">\n            <span class=\"tb_row_frame_wrap tf_overflow tf_abs\" data-lazy=\"1\"><span class=\"tb_row_frame tb_row_frame_top  tf_abs tf_hide tf_overflow tf_w\"><\/span><\/span>            <div class=\"row_inner col_align_top tb_col_count_1 tf_box tf_rel\">\n                        <div  data-lazy=\"1\" class=\"module_column tb-column col-full tb_fr39903 first\">\n                            <div  data-lazy=\"1\" class=\"module_subrow themify_builder_sub_row tf_w col_align_top tb_col_count_2 tb_4wuz310\">\n                <div  data-lazy=\"1\" class=\"module_column sub_column tb_41ro311 first\">\n                    <!-- module text -->\n<div  class=\"module module-text tb_4ueq74   \" data-lazy=\"1\">\n        <div  class=\"tb_text_wrap\">\n        <h3>\u00abTHE RIGHT BIN\u00bb<\/h3>\n<p>En d\u00e9cembre 2021, le conseil municipal a d\u00e9cid\u00e9 d&rsquo;organiser lui-m\u00eame la collecte des d\u00e9chets et de ne plus confier ce service \u00e0 des tiers. \u00abTHE RIGHT BIN\u00bb \u2013 la bonne poubelle. Une pr\u00e9sentation fra\u00eeche et conviviale qui annonce la nouvelle \u00e8re de la gestion des mati\u00e8res recyclables.  <\/p>\n    <\/div>\n<\/div>\n<!-- \/module text -->        <\/div>\n                    <div  data-lazy=\"1\" class=\"module_column sub_column tb_cijf311 last\">\n                    <!-- module image -->\n<div  class=\"module module-image tb_92h9905 image-center   tf_mw hover-wow\" data-tf-animation_hover=\"pulse\" data-lazy=\"1\">\n        <div class=\"image-wrap tf_rel tf_mw\">\n            <img loading=\"lazy\" decoding=\"async\" src=\"https:\/\/the-right-bin.ch\/wp-content\/uploads\/2022\/09\/Rundbild-1a-500x495-1-500x494.png\" width=\"500\" height=\"494\" class=\"wp-post-image wp-image-1784\" title=\"Rundbild-1a-500x495\" alt=\"Rundbild-1a-500x495\" srcset=\"https:\/\/the-right-bin.ch\/wp-content\/uploads\/2022\/09\/Rundbild-1a-500x495-1.png 500w, https:\/\/the-right-bin.ch\/wp-content\/uploads\/2022\/09\/Rundbild-1a-500x495-1-300x297.png 300w\" sizes=\"auto, (max-width: 500px) 100vw, 500px\" \/>    \n        <\/div>\n    <!-- \/image-wrap -->\n    \n        <\/div>\n<!-- \/module image -->        <\/div>\n                    <\/div>\n                <\/div>\n                        <\/div>\n        <\/div>\n                        <div  data-lazy=\"1\" class=\"module_row themify_builder_row tb_28e484 tf_w\">\n                        <div class=\"row_inner col_align_top tb_col_count_1 tf_box tf_rel\">\n                        <div  data-lazy=\"1\" class=\"module_column tb-column col-full tb_grwa85 first\">\n                            <div  data-lazy=\"1\" class=\"module_subrow themify_builder_sub_row tf_w col_align_top tb_col_count_2 tb_m7pk906\">\n                <div  data-lazy=\"1\" class=\"module_column sub_column tb_9r77906 first\">\n                    <!-- module image -->\n<div  class=\"module module-image tb_d2ck122 image-center   tf_mw hover-wow\" data-tf-animation_hover=\"pulse\" data-lazy=\"1\">\n        <div class=\"image-wrap tf_rel tf_mw\">\n            <img loading=\"lazy\" decoding=\"async\" src=\"https:\/\/the-right-bin.ch\/wp-content\/uploads\/2022\/09\/Rundbild-3-500x495-2-500x494.png\" width=\"500\" height=\"494\" class=\"wp-post-image wp-image-2611\" title=\"Rundbild-3-500x495\" alt=\"Rundbild-3-500x495\" srcset=\"https:\/\/the-right-bin.ch\/wp-content\/uploads\/2022\/09\/Rundbild-3-500x495-2.png 500w, https:\/\/the-right-bin.ch\/wp-content\/uploads\/2022\/09\/Rundbild-3-500x495-2-300x297.png 300w\" sizes=\"auto, (max-width: 500px) 100vw, 500px\" \/>    \n        <\/div>\n    <!-- \/image-wrap -->\n    \n        <\/div>\n<!-- \/module image -->        <\/div>\n                    <div  data-lazy=\"1\" class=\"module_column sub_column tb_qaik906 last\">\n                    <!-- module text -->\n<div  class=\"module module-text tb_ey5v915   \" data-lazy=\"1\">\n        <div  class=\"tb_text_wrap\">\n        <h3>L&rsquo;avenir des mati\u00e8res recyclables et le tri s\u00e9lectif<\/h3>\n<p>Les d\u00e9chets regorgent de mati\u00e8res recyclables et d&rsquo;\u00e9nergie. Ce sont les mati\u00e8res premi\u00e8res du futur. Ces ressources doivent \u00eatre utilis\u00e9es de mani\u00e8re optimale et maintenues dans des circuits propres. Ce principe indique la direction \u00e0 suivre pour l&rsquo;am\u00e9lioration de la collecte des d\u00e9chets.   <\/p>    <\/div>\n<\/div>\n<!-- \/module text -->        <\/div>\n                    <\/div>\n                <div  data-lazy=\"1\" class=\"module_subrow themify_builder_sub_row tf_w col_align_top tb_col_count_1 tb_zhkg109\">\n                <div  data-lazy=\"1\" class=\"module_column sub_column col-full tb_ffzk110 first\">\n                            <\/div>\n                    <\/div>\n                <\/div>\n                        <\/div>\n        <\/div>\n                        <div  data-lazy=\"1\" class=\"module_row themify_builder_row tb_jb2v497 tf_w\">\n            <span class=\"tb_row_frame_wrap tf_overflow tf_abs\" data-lazy=\"1\"><span class=\"tb_row_frame tb_row_frame_top  tf_abs tf_hide tf_overflow tf_w\"><\/span><\/span>            <div class=\"row_inner col_align_top tb_col_count_1 tf_box tf_rel\">\n                        <div  data-lazy=\"1\" class=\"module_column tb-column col-full tb_w1el497 first\">\n                            <div  data-lazy=\"1\" class=\"module_subrow themify_builder_sub_row tf_w col_align_top tb_col_count_1 tb_2d2m497\">\n                <div  data-lazy=\"1\" class=\"module_column sub_column col-full tb_7mbh498 first\">\n                    <!-- module text -->\n<div  class=\"module module-text tb_6bw3651   \" data-lazy=\"1\">\n        <div  class=\"tb_text_wrap\">\n        <h3 style=\"text-align: center;\">Choisir \u00abla bonne poubelle\u00bb est d\u00e9cisif<\/h3>\n<p style=\"text-align: center;\">Dans les points de collecte publics, il y aura \u00e0 l&rsquo;avenir de nouveaux conteneurs pour le PET \u2013 en plus de la collecte s\u00e9par\u00e9e actuelle du verre, du fer blanc et de l&rsquo;aluminium, des d\u00e9chets de cuisine, du papier et du carton (d\u00e9sormais collect\u00e9s ensemble) ainsi que des compacteurs pour les ordures m\u00e9nag\u00e8res. Des conteneurs pour les d\u00e9chets verts sont \u00e9galement \u00e0 la disposition des usagers sur certains grands sites. <\/p>    <\/div>\n<\/div>\n<!-- \/module text --><!-- module icon -->\n<div  class=\"module module-icon tb_85zy764 Dokumente-Icons xlarge squared icon_horizontal \" data-lazy=\"1\">\n\t\t\t<div class=\"module-icon-item\">\n\t\t\t\t\t\t\t<a href=\"\/Downloads\/Abfallkalender_FR.pdf\" class=\"lightbox-builder themify_lightbox\">\n\t\t\t\t\t\t\t\t\t\t\t\t\t\t\t\t\t<img loading=\"lazy\" decoding=\"async\" width=\"600\" height=\"600\" src=\"https:\/\/the-right-bin.ch\/wp-content\/uploads\/2022\/10\/Pdf-Icon-hell.png\" class=\"tf_box wp-post-image wp-image-3160\" title=\"&lt;b&gt;Calendrier des d\u00e9chets 2025&lt;\/b&gt;\" alt=\"&lt;b&gt;Calendrier des d\u00e9chets 2025&lt;\/b&gt;\" srcset=\"https:\/\/the-right-bin.ch\/wp-content\/uploads\/2022\/10\/Pdf-Icon-hell.png 600w, https:\/\/the-right-bin.ch\/wp-content\/uploads\/2022\/10\/Pdf-Icon-hell-300x300.png 300w, https:\/\/the-right-bin.ch\/wp-content\/uploads\/2022\/10\/Pdf-Icon-hell-150x150.png 150w\" sizes=\"auto, (max-width: 600px) 100vw, 600px\" \/>\t\t\t\t\t\t\t\t\t\t\t\t\t\t\t\t\t\t\t<span><b>Calendrier des d\u00e9chets 2025<\/b><\/span>\n\t\t\t\t\t\t\t\t\t\t\t\t\t\t\t\t\t<\/a>\n\t\t\t\t\t<\/div>\n\t<\/div>\n<!-- \/module icon -->\n<!-- module image -->\n<div  class=\"module module-image tb_0nbw822 image-top   tf_mw\" data-lazy=\"1\">\n        <div class=\"image-wrap tf_rel tf_mw\">\n            <img loading=\"lazy\" decoding=\"async\" src=\"https:\/\/the-right-bin.ch\/wp-content\/uploads\/2022\/09\/Presse1-937x425.png\" width=\"937\" height=\"425\" class=\"wp-post-image wp-image-1794\" title=\"Presse1\" alt=\"Presse1\" srcset=\"https:\/\/the-right-bin.ch\/wp-content\/uploads\/2022\/09\/Presse1-937x425.png 937w, https:\/\/the-right-bin.ch\/wp-content\/uploads\/2022\/09\/Presse1-300x137.png 300w\" sizes=\"auto, (max-width: 937px) 100vw, 937px\" \/>    \n        <\/div>\n    <!-- \/image-wrap -->\n    \n        <\/div>\n<!-- \/module image -->        <\/div>\n                    <\/div>\n                <\/div>\n                        <\/div>\n        <\/div>\n                        <div  data-css_id=\"sk55413\" data-lazy=\"1\" class=\"module_row themify_builder_row Kategorien fullwidth tb_sk55413 tf_w wow\" data-tf-animation=\"fadeInLeft\">\n                        <div class=\"row_inner col_align_top tb_col_count_2 tf_box tf_rel\">\n                        <div  data-lazy=\"1\" class=\"module_column tb-column col3-2 tb_tipl414 first\">\n                            <div  data-lazy=\"1\" class=\"module_subrow themify_builder_sub_row tf_w Schatten-Box col_align_top gutter-narrow tb_col_count_2 tb_cgio414\">\n                <div  data-lazy=\"1\" class=\"module_column sub_column col4-3 tb_rylg414 home-kategoriern first\">\n                    <!-- module text -->\n<div  class=\"module module-text tb_qe4b414   \" data-lazy=\"1\">\n        <div  class=\"tb_text_wrap\">\n        <h2 class=\"home-h2\"><a href=\"\/fr\/ordures-menageres\/\">Ordures m\u00e9nag\u00e8res<\/a><\/h2>\n    <\/div>\n<\/div>\n<!-- \/module text -->        <\/div>\n                    <div  data-lazy=\"1\" class=\"module_column sub_column col4-1 tb_f0wx414 last\">\n                    <!-- module image -->\n<div  class=\"module module-image tb_6ut3414 image-overlay  home-img tf_mw\" data-lazy=\"1\">\n        <div class=\"image-wrap tf_rel tf_mw\">\n            <a href=\"\/fr\/ordures-menageres\/\">\n                   <img loading=\"lazy\" decoding=\"async\" width=\"638\" height=\"638\" src=\"https:\/\/the-right-bin.ch\/wp-content\/uploads\/2022\/09\/Zermatt-Entsorgung-Hauskericht-2.png\" class=\"wp-post-image wp-image-2817\" title=\"Zermatt-Entsorgung-Hauskericht\" alt=\"Zermatt-Entsorgung-Hauskericht\" srcset=\"https:\/\/the-right-bin.ch\/wp-content\/uploads\/2022\/09\/Zermatt-Entsorgung-Hauskericht-2.png 638w, https:\/\/the-right-bin.ch\/wp-content\/uploads\/2022\/09\/Zermatt-Entsorgung-Hauskericht-2-300x300.png 300w, https:\/\/the-right-bin.ch\/wp-content\/uploads\/2022\/09\/Zermatt-Entsorgung-Hauskericht-2-150x150.png 150w, https:\/\/the-right-bin.ch\/wp-content\/uploads\/2022\/09\/Zermatt-Entsorgung-Hauskericht-2-480x480.png 480w\" sizes=\"auto, (max-width: 638px) 100vw, 638px\" \/>        <\/a>\n    \n    \n                <\/div>\n        <!-- \/image-wrap -->\n    <\/div>\n<!-- \/module image -->        <\/div>\n                    <\/div>\n                <\/div>\n                    <div  data-lazy=\"1\" class=\"module_column tb-column col3-1 tb_06yg415 last\">\n                            <\/div>\n                        <\/div>\n        <\/div>\n                        <div  data-css_id=\"5fp0290\" data-lazy=\"1\" class=\"module_row themify_builder_row Kategorien fullwidth tb_5fp0290 tf_w wow\" data-tf-animation=\"fadeInLeft\">\n                        <div class=\"row_inner col_align_top tb_col_count_2 tf_box tf_rel\">\n                        <div  data-lazy=\"1\" class=\"module_column tb-column col3-2 tb_mz5i290 first\">\n                            <div  data-lazy=\"1\" class=\"module_subrow themify_builder_sub_row tf_w Schatten-Box col_align_top gutter-narrow tb_col_count_2 tb_cg71290\">\n                <div  data-lazy=\"1\" class=\"module_column sub_column col4-3 tb_opc3291 home-kategoriern first\">\n                    <!-- module text -->\n<div  class=\"module module-text tb_kk8w291   \" data-lazy=\"1\">\n        <div  class=\"tb_text_wrap\">\n        <h2 class=\"home-h2\"><a href=\"\/fr\/papier-carton\/\">Papier \u2022 Carton<\/a><\/h2>\n    <\/div>\n<\/div>\n<!-- \/module text -->        <\/div>\n                    <div  data-lazy=\"1\" class=\"module_column sub_column col4-1 tb_7pdk291 last\">\n                    <!-- module image -->\n<div  class=\"module module-image tb_ed74291 image-overlay  home-img tf_mw\" data-lazy=\"1\">\n        <div class=\"image-wrap tf_rel tf_mw\">\n            <a href=\"\/fr\/papier-carton\/\">\n                   <img loading=\"lazy\" decoding=\"async\" width=\"638\" height=\"638\" src=\"https:\/\/the-right-bin.ch\/wp-content\/uploads\/2022\/09\/Zermatt-Entsorgung-Papier-Karton-1.png\" class=\"wp-post-image wp-image-1075\" title=\"Zermatt-Entsorgung-Papier-Karton\" alt=\"Zermatt-Entsorgung-Papier-Karton\" srcset=\"https:\/\/the-right-bin.ch\/wp-content\/uploads\/2022\/09\/Zermatt-Entsorgung-Papier-Karton-1.png 638w, https:\/\/the-right-bin.ch\/wp-content\/uploads\/2022\/09\/Zermatt-Entsorgung-Papier-Karton-1-300x300.png 300w, https:\/\/the-right-bin.ch\/wp-content\/uploads\/2022\/09\/Zermatt-Entsorgung-Papier-Karton-1-150x150.png 150w, https:\/\/the-right-bin.ch\/wp-content\/uploads\/2022\/09\/Zermatt-Entsorgung-Papier-Karton-1-480x480.png 480w\" sizes=\"auto, (max-width: 638px) 100vw, 638px\" \/>        <\/a>\n    \n    \n                <\/div>\n        <!-- \/image-wrap -->\n    <\/div>\n<!-- \/module image -->        <\/div>\n                    <\/div>\n                <\/div>\n                    <div  data-lazy=\"1\" class=\"module_column tb-column col3-1 tb_r02f291 last\">\n                            <\/div>\n                        <\/div>\n        <\/div>\n                        <div  data-css_id=\"ecyz210\" data-lazy=\"1\" class=\"module_row themify_builder_row Kategorien fullwidth tb_ecyz210 tf_w wow\" data-tf-animation=\"fadeInLeft\">\n                        <div class=\"row_inner col_align_top tb_col_count_2 tf_box tf_rel\">\n                        <div  data-lazy=\"1\" class=\"module_column tb-column col3-2 tb_ardp210 first\">\n                            <div  data-lazy=\"1\" class=\"module_subrow themify_builder_sub_row tf_w Schatten-Box col_align_top gutter-narrow tb_col_count_2 tb_2bp0210\">\n                <div  data-lazy=\"1\" class=\"module_column sub_column col4-3 tb_bqa6211 home-kategoriern first\">\n                    <!-- module text -->\n<div  class=\"module module-text tb_8mjn211   \" data-lazy=\"1\">\n        <div  class=\"tb_text_wrap\">\n        <h2 class=\"home-h2\"><a href=\"\/fr\/verre\/\">VERRE<\/a><\/h2>\n    <\/div>\n<\/div>\n<!-- \/module text -->        <\/div>\n                    <div  data-lazy=\"1\" class=\"module_column sub_column col4-1 tb_ynzi211 last\">\n                    <!-- module image -->\n<div  class=\"module module-image tb_wjm5211 image-overlay  home-img tf_mw\" data-lazy=\"1\">\n        <div class=\"image-wrap tf_rel tf_mw\">\n            <a href=\"\/fr\/verre\/\">\n                   <img loading=\"lazy\" decoding=\"async\" width=\"638\" height=\"638\" src=\"https:\/\/the-right-bin.ch\/wp-content\/uploads\/2022\/09\/Zermatt-Entsorgung-Altglas-1.png\" class=\"wp-post-image wp-image-1055\" title=\"Zermatt-Entsorgung-Altglas\" alt=\"Zermatt-Entsorgung-Altglas\" srcset=\"https:\/\/the-right-bin.ch\/wp-content\/uploads\/2022\/09\/Zermatt-Entsorgung-Altglas-1.png 638w, https:\/\/the-right-bin.ch\/wp-content\/uploads\/2022\/09\/Zermatt-Entsorgung-Altglas-1-300x300.png 300w, https:\/\/the-right-bin.ch\/wp-content\/uploads\/2022\/09\/Zermatt-Entsorgung-Altglas-1-150x150.png 150w, https:\/\/the-right-bin.ch\/wp-content\/uploads\/2022\/09\/Zermatt-Entsorgung-Altglas-1-480x480.png 480w\" sizes=\"auto, (max-width: 638px) 100vw, 638px\" \/>        <\/a>\n    \n    \n                <\/div>\n        <!-- \/image-wrap -->\n    <\/div>\n<!-- \/module image -->        <\/div>\n                    <\/div>\n                <\/div>\n                    <div  data-lazy=\"1\" class=\"module_column tb-column col3-1 tb_zk3t211 last\">\n                            <\/div>\n                        <\/div>\n        <\/div>\n                        <div  data-css_id=\"tbv9619\" data-lazy=\"1\" class=\"module_row themify_builder_row Kategorien fullwidth tb_tbv9619 tf_w wow\" data-tf-animation=\"fadeInLeft\">\n                        <div class=\"row_inner col_align_top tb_col_count_2 tf_box tf_rel\">\n                        <div  data-lazy=\"1\" class=\"module_column tb-column col3-2 tb_zjjf620 first\">\n                            <div  data-lazy=\"1\" class=\"module_subrow themify_builder_sub_row tf_w Schatten-Box col_align_top gutter-narrow tb_col_count_2 tb_dw4p620\">\n                <div  data-lazy=\"1\" class=\"module_column sub_column col4-3 tb_gy2b620 home-kategoriern first\">\n                    <!-- module text -->\n<div  class=\"module module-text tb_kin7620   \" data-lazy=\"1\">\n        <div  class=\"tb_text_wrap\">\n        <h2 class=\"home-h2\"><a href=\"\/fr\/fer-blanc-aluminium\/\">FER BLANC<\/a><a href=\"\/fr\/fer-blanc-aluminium\/\"> \u2022 <\/a><a style=\"letter-spacing: 0px;\" href=\"\/fr\/fer-blanc-aluminium\/\">ALUMINIUM <\/a><\/h2>\n    <\/div>\n<\/div>\n<!-- \/module text -->        <\/div>\n                    <div  data-lazy=\"1\" class=\"module_column sub_column col4-1 tb_c6ic620 last\">\n                    <!-- module image -->\n<div  class=\"module module-image tb_0gh2620 image-overlay  home-img tf_mw\" data-lazy=\"1\">\n        <div class=\"image-wrap tf_rel tf_mw\">\n            <a href=\"\/fr\/fer-blanc-aluminium\/\">\n                   <img loading=\"lazy\" decoding=\"async\" width=\"638\" height=\"638\" src=\"https:\/\/the-right-bin.ch\/wp-content\/uploads\/2022\/09\/Zermatt-Entsorgung-Weissblech-Aluminium-3.png\" class=\"wp-post-image wp-image-1050\" title=\"Zermatt-Entsorgung-Weissblech-Aluminium\" alt=\"Zermatt-Entsorgung-Weissblech-Aluminium\" srcset=\"https:\/\/the-right-bin.ch\/wp-content\/uploads\/2022\/09\/Zermatt-Entsorgung-Weissblech-Aluminium-3.png 638w, https:\/\/the-right-bin.ch\/wp-content\/uploads\/2022\/09\/Zermatt-Entsorgung-Weissblech-Aluminium-3-300x300.png 300w, https:\/\/the-right-bin.ch\/wp-content\/uploads\/2022\/09\/Zermatt-Entsorgung-Weissblech-Aluminium-3-150x150.png 150w, https:\/\/the-right-bin.ch\/wp-content\/uploads\/2022\/09\/Zermatt-Entsorgung-Weissblech-Aluminium-3-480x480.png 480w\" sizes=\"auto, (max-width: 638px) 100vw, 638px\" \/>        <\/a>\n    \n    \n                <\/div>\n        <!-- \/image-wrap -->\n    <\/div>\n<!-- \/module image -->        <\/div>\n                    <\/div>\n                <\/div>\n                    <div  data-lazy=\"1\" class=\"module_column tb-column col3-1 tb_1s8x621 last\">\n                            <\/div>\n                        <\/div>\n        <\/div>\n                        <div  data-css_id=\"5rdf318\" data-lazy=\"1\" class=\"module_row themify_builder_row Kategorien fullwidth tb_5rdf318 tf_w wow\" data-tf-animation=\"fadeInLeft\">\n                        <div class=\"row_inner col_align_top tb_col_count_2 tf_box tf_rel\">\n                        <div  data-lazy=\"1\" class=\"module_column tb-column col3-2 tb_j1v9318 first\">\n                            <div  data-lazy=\"1\" class=\"module_subrow themify_builder_sub_row tf_w Schatten-Box col_align_top gutter-narrow tb_col_count_2 tb_7pzv723\">\n                <div  data-lazy=\"1\" class=\"module_column sub_column col4-3 tb_fsb5724 home-kategoriern first\">\n                    <!-- module text -->\n<div  class=\"module module-text tb_b9jk539   \" data-lazy=\"1\">\n        <div  class=\"tb_text_wrap\">\n        <h2 class=\"home-h2\"><a href=\"\/fr\/bouteilles-de-boissons-en-pet\/\">BOUTEILLES DE BOISSONS EN PET<\/a><\/h2>\n    <\/div>\n<\/div>\n<!-- \/module text -->        <\/div>\n                    <div  data-lazy=\"1\" class=\"module_column sub_column col4-1 tb_6yxs724 last\">\n                    <!-- module image -->\n<div  class=\"module module-image tb_13gb446 image-overlay  home-img tf_mw\" data-lazy=\"1\">\n        <div class=\"image-wrap tf_rel tf_mw\">\n            <a href=\"\/fr\/bouteilles-de-boissons-en-pet\/\">\n                   <img loading=\"lazy\" decoding=\"async\" width=\"638\" height=\"638\" src=\"https:\/\/the-right-bin.ch\/wp-content\/uploads\/2022\/09\/Zermatt-Entsorgung-PET-Getraenkeflaschen-1.png\" class=\"wp-post-image wp-image-1071\" title=\"Zermatt-Entsorgung-PET-Getraenkeflaschen\" alt=\"Zermatt-Entsorgung-PET-Getraenkeflaschen\" srcset=\"https:\/\/the-right-bin.ch\/wp-content\/uploads\/2022\/09\/Zermatt-Entsorgung-PET-Getraenkeflaschen-1.png 638w, https:\/\/the-right-bin.ch\/wp-content\/uploads\/2022\/09\/Zermatt-Entsorgung-PET-Getraenkeflaschen-1-300x300.png 300w, https:\/\/the-right-bin.ch\/wp-content\/uploads\/2022\/09\/Zermatt-Entsorgung-PET-Getraenkeflaschen-1-150x150.png 150w, https:\/\/the-right-bin.ch\/wp-content\/uploads\/2022\/09\/Zermatt-Entsorgung-PET-Getraenkeflaschen-1-480x480.png 480w\" sizes=\"auto, (max-width: 638px) 100vw, 638px\" \/>        <\/a>\n    \n    \n                <\/div>\n        <!-- \/image-wrap -->\n    <\/div>\n<!-- \/module image -->        <\/div>\n                    <\/div>\n                <\/div>\n                    <div  data-lazy=\"1\" class=\"module_column tb-column col3-1 tb_045e395 last\">\n                            <\/div>\n                        <\/div>\n        <\/div>\n                        <div  data-css_id=\"37j2259\" data-lazy=\"1\" class=\"module_row themify_builder_row Kategorien fullwidth tb_37j2259 tf_w wow\" data-tf-animation=\"fadeInLeft\">\n                        <div class=\"row_inner col_align_top tb_col_count_2 tf_box tf_rel\">\n                        <div  data-lazy=\"1\" class=\"module_column tb-column col3-2 tb_xrhs260 first\">\n                            <div  data-lazy=\"1\" class=\"module_subrow themify_builder_sub_row tf_w Schatten-Box col_align_top gutter-narrow tb_col_count_2 tb_rd3e260\">\n                <div  data-lazy=\"1\" class=\"module_column sub_column col4-3 tb_r6tt260 home-kategoriern first\">\n                    <!-- module text -->\n<div  class=\"module module-text tb_0wf3260   \" data-lazy=\"1\">\n        <div  class=\"tb_text_wrap\">\n        <h2 class=\"home-h2\"><a href=\"\/fr\/dechets-de-jardin\/\">D\u00c9CHETS DE JARDIN<\/a><\/h2>\n    <\/div>\n<\/div>\n<!-- \/module text -->        <\/div>\n                    <div  data-lazy=\"1\" class=\"module_column sub_column col4-1 tb_aym2260 last\">\n                    <!-- module image -->\n<div  class=\"module module-image tb_lp8n260 image-overlay  home-img tf_mw\" data-lazy=\"1\">\n        <div class=\"image-wrap tf_rel tf_mw\">\n            <a href=\"\/fr\/dechets-de-jardin\/\">\n                   <img loading=\"lazy\" decoding=\"async\" width=\"638\" height=\"638\" src=\"https:\/\/the-right-bin.ch\/wp-content\/uploads\/2022\/09\/Zermatt-Entsorgung-Gartemabfaelle-2.png\" class=\"wp-post-image wp-image-2588\" title=\"Zermatt-Entsorgung-Gartemabfaelle\" alt=\"Zermatt-Entsorgung-Gartemabfaelle\" srcset=\"https:\/\/the-right-bin.ch\/wp-content\/uploads\/2022\/09\/Zermatt-Entsorgung-Gartemabfaelle-2.png 638w, https:\/\/the-right-bin.ch\/wp-content\/uploads\/2022\/09\/Zermatt-Entsorgung-Gartemabfaelle-2-300x300.png 300w, https:\/\/the-right-bin.ch\/wp-content\/uploads\/2022\/09\/Zermatt-Entsorgung-Gartemabfaelle-2-150x150.png 150w, https:\/\/the-right-bin.ch\/wp-content\/uploads\/2022\/09\/Zermatt-Entsorgung-Gartemabfaelle-2-480x480.png 480w\" sizes=\"auto, (max-width: 638px) 100vw, 638px\" \/>        <\/a>\n    \n    \n                <\/div>\n        <!-- \/image-wrap -->\n    <\/div>\n<!-- \/module image -->        <\/div>\n                    <\/div>\n                <\/div>\n                    <div  data-lazy=\"1\" class=\"module_column tb-column col3-1 tb_x6ny261 last\">\n                            <\/div>\n                        <\/div>\n        <\/div>\n                        <div  data-css_id=\"unbs43\" data-lazy=\"1\" class=\"module_row themify_builder_row Kategorien fullwidth tb_unbs43 tf_w wow\" data-tf-animation=\"fadeInLeft\">\n                        <div class=\"row_inner col_align_top tb_col_count_2 tf_box tf_rel\">\n                        <div  data-lazy=\"1\" class=\"module_column tb-column col3-2 tb_uhp443 first\">\n                            <div  data-lazy=\"1\" class=\"module_subrow themify_builder_sub_row tf_w Schatten-Box col_align_top gutter-narrow tb_col_count_2 tb_yj9x43\">\n                <div  data-lazy=\"1\" class=\"module_column sub_column col4-3 tb_8yby43 home-kategoriern first\">\n                    <!-- module text -->\n<div  class=\"module module-text tb_27ii43   \" data-lazy=\"1\">\n        <div  class=\"tb_text_wrap\">\n        <h2 class=\"home-h2\"><a href=\"\/fr\/dechets-de-cuisine\/\">D\u00c9CHETS DE CUISINE<\/a><\/h2>\n    <\/div>\n<\/div>\n<!-- \/module text -->        <\/div>\n                    <div  data-lazy=\"1\" class=\"module_column sub_column col4-1 tb_iecg44 last\">\n                    <!-- module image -->\n<div  class=\"module module-image tb_ydap44 image-overlay  home-img tf_mw\" data-lazy=\"1\">\n        <div class=\"image-wrap tf_rel tf_mw\">\n            <a href=\"\/fr\/dechets-de-cuisine\/\">\n                   <img loading=\"lazy\" decoding=\"async\" width=\"638\" height=\"638\" src=\"https:\/\/the-right-bin.ch\/wp-content\/uploads\/2022\/09\/Zermatt-Entsorgung-Kuechenabfaelle-1.png\" class=\"wp-post-image wp-image-1063\" title=\"Zermatt-Entsorgung-Kuechenabfaelle\" alt=\"Zermatt-Entsorgung-Kuechenabfaelle\" srcset=\"https:\/\/the-right-bin.ch\/wp-content\/uploads\/2022\/09\/Zermatt-Entsorgung-Kuechenabfaelle-1.png 638w, https:\/\/the-right-bin.ch\/wp-content\/uploads\/2022\/09\/Zermatt-Entsorgung-Kuechenabfaelle-1-300x300.png 300w, https:\/\/the-right-bin.ch\/wp-content\/uploads\/2022\/09\/Zermatt-Entsorgung-Kuechenabfaelle-1-150x150.png 150w, https:\/\/the-right-bin.ch\/wp-content\/uploads\/2022\/09\/Zermatt-Entsorgung-Kuechenabfaelle-1-480x480.png 480w\" sizes=\"auto, (max-width: 638px) 100vw, 638px\" \/>        <\/a>\n    \n    \n                <\/div>\n        <!-- \/image-wrap -->\n    <\/div>\n<!-- \/module image -->        <\/div>\n                    <\/div>\n                <\/div>\n                    <div  data-lazy=\"1\" class=\"module_column tb-column col3-1 tb_umny44 last\">\n                            <\/div>\n                        <\/div>\n        <\/div>\n                        <div  data-css_id=\"4nje590\" data-lazy=\"1\" class=\"module_row themify_builder_row Kategorien fullwidth tb_4nje590 tf_w wow\" data-tf-animation=\"fadeInLeft\">\n                        <div class=\"row_inner col_align_top tb_col_count_2 tf_box tf_rel\">\n                        <div  data-lazy=\"1\" class=\"module_column tb-column col3-2 tb_d5n2591 first\">\n                            <div  data-lazy=\"1\" class=\"module_subrow themify_builder_sub_row tf_w Schatten-Box col_align_top gutter-narrow tb_col_count_2 tb_ru5y591\">\n                <div  data-lazy=\"1\" class=\"module_column sub_column col4-3 tb_w1ia591 home-kategoriern first\">\n                    <!-- module text -->\n<div  class=\"module module-text tb_sm7o591   \" data-lazy=\"1\">\n        <div  class=\"tb_text_wrap\">\n        <h2 class=\"home-h2\"><a href=\"\/fr\/huiles-comestibles\/\">HUILES COMESTIBLES<\/a><\/h2>\n    <\/div>\n<\/div>\n<!-- \/module text -->        <\/div>\n                    <div  data-lazy=\"1\" class=\"module_column sub_column col4-1 tb_2nwh591 last\">\n                    <!-- module image -->\n<div  class=\"module module-image tb_qu9e591 image-overlay  home-img tf_mw\" data-lazy=\"1\">\n        <div class=\"image-wrap tf_rel tf_mw\">\n            <a href=\"\/fr\/huiles-comestibles\/\">\n                   <img loading=\"lazy\" decoding=\"async\" width=\"638\" height=\"638\" src=\"https:\/\/the-right-bin.ch\/wp-content\/uploads\/2022\/09\/Zermatt-Entsorgung-Speiseoele-1.png\" class=\"wp-post-image wp-image-1079\" title=\"Zermatt-Entsorgung-Speiseoele\" alt=\"Zermatt-Entsorgung-Speiseoele\" srcset=\"https:\/\/the-right-bin.ch\/wp-content\/uploads\/2022\/09\/Zermatt-Entsorgung-Speiseoele-1.png 638w, https:\/\/the-right-bin.ch\/wp-content\/uploads\/2022\/09\/Zermatt-Entsorgung-Speiseoele-1-300x300.png 300w, https:\/\/the-right-bin.ch\/wp-content\/uploads\/2022\/09\/Zermatt-Entsorgung-Speiseoele-1-150x150.png 150w, https:\/\/the-right-bin.ch\/wp-content\/uploads\/2022\/09\/Zermatt-Entsorgung-Speiseoele-1-480x480.png 480w\" sizes=\"auto, (max-width: 638px) 100vw, 638px\" \/>        <\/a>\n    \n    \n                <\/div>\n        <!-- \/image-wrap -->\n    <\/div>\n<!-- \/module image -->        <\/div>\n                    <\/div>\n                <\/div>\n                    <div  data-lazy=\"1\" class=\"module_column tb-column col3-1 tb_unuf591 last\">\n                            <\/div>\n                        <\/div>\n        <\/div>\n                        <div  data-lazy=\"1\" class=\"module_row themify_builder_row tb_t0jw183 tf_w\">\n            <span class=\"tb_row_frame_wrap tf_overflow tf_abs\" data-lazy=\"1\"><span class=\"tb_row_frame tb_row_frame_top  tf_abs tf_hide tf_overflow tf_w\"><\/span><\/span>            <div class=\"row_inner col_align_top tb_col_count_1 tf_box tf_rel\">\n                        <div  data-lazy=\"1\" class=\"module_column tb-column col-full tb_n78u183 first\">\n                            <div  data-lazy=\"1\" class=\"module_subrow themify_builder_sub_row tf_w col_align_top tb_col_count_4 tb_s2ny183\">\n                <div  data-lazy=\"1\" class=\"module_column sub_column col4-1 tb_hc6b183 first\">\n                    <!-- module text -->\n<div  class=\"module module-text tb_ranz184   \" data-lazy=\"1\">\n        <div  class=\"tb_text_wrap\">\n        <h5 style=\"text-align: left;\">Commune de Zermatt: <span style=\"white-space: nowrap;\"> \u00c9limination des d\u00e9chets<\/span><\/h5>\n    <\/div>\n<\/div>\n<!-- \/module text --><!-- module divider -->\n<div  class=\"module tf_mw module-divider tb_7xs3184 solid Divi-Detail-Seiten  \" style=\"border-width: 3px;border-color: #ffcc00;margin-top: -15px;margin-bottom: 15px;\" data-lazy=\"1\">\n    <\/div>\n<!-- \/module divider -->\n<!-- module text -->\n<div  class=\"module module-text tb_auyd184   \" data-lazy=\"1\">\n        <div  class=\"tb_text_wrap\">\n        <p style=\"text-align: left;\">En <strong>2025,<\/strong> un total de<strong> <span style=\"white-space: nowrap; color: #7a3a3a;\">8201 t<\/span><\/strong> de d\u00e9chets a \u00e9t\u00e9 collect\u00e9. 59.08% de cette quantit\u00e9 a pu \u00eatre recycl\u00e9e en mat\u00e9riaux r\u00e9utilisables.<\/p>    <\/div>\n<\/div>\n<!-- \/module text --><!-- module icon -->\n<div  class=\"module module-icon tb_249b184    icon_horizontal tf_textr\" data-lazy=\"1\">\n\t\t\t<div class=\"module-icon-item\">\n\t\t\t\t\t\t\t<a href=\"https:\/\/the-right-bin.ch\/fr\/statistiques-sur-les-dechets\/\">\n\t\t\t\t\t\t\t\t\t\t\t\t\t\t\t\t\t<img loading=\"lazy\" decoding=\"async\" width=\"300\" height=\"300\" src=\"https:\/\/the-right-bin.ch\/wp-content\/uploads\/2022\/10\/Icon-Link-1.png\" class=\"tf_box wp-post-image wp-image-3140\" title=\"&lt;b&gt;Informations compl\u00e9mentaires&lt;\/b&gt;\" alt=\"&lt;b&gt;Informations compl\u00e9mentaires&lt;\/b&gt;\" srcset=\"https:\/\/the-right-bin.ch\/wp-content\/uploads\/2022\/10\/Icon-Link-1.png 300w, https:\/\/the-right-bin.ch\/wp-content\/uploads\/2022\/10\/Icon-Link-1-150x150.png 150w\" sizes=\"auto, (max-width: 300px) 100vw, 300px\" \/>\t\t\t\t\t\t\t\t\t\t\t\t\t\t\t\t\t\t\t<span><b>Informations compl\u00e9mentaires<\/b><\/span>\n\t\t\t\t\t\t\t\t\t\t\t\t\t\t\t\t\t<\/a>\n\t\t\t\t\t<\/div>\n\t<\/div>\n<!-- \/module icon -->\n        <\/div>\n                    <div  data-lazy=\"1\" class=\"module_column sub_column col4-1 tb_5tnl184\">\n                    <!-- module counter -->\n<div  class=\"module module-counter tb_6hez184 size-large  tf_textc \" data-lazy=\"1\">\n\t\t\n\t\t<div class=\"counter-chart tf_rel\">\n\t\t\t<svg class=\"tf_abs tf_w tf_h\">\n\t\t\t\t\t\t\t<circle fill=\"#7a3a3a\" class=\"module-counter-background\"><\/circle>\n\t\t\t\t\t\t<circle class=\"tb_counter_fill\" stroke=\"rgba(0,0,0,.1)\" stroke-width=\"20\"\/>\n\t\t\t<circle class=\"tb_counter_stroke\" stroke-width=\"20\" stroke=\"#6c9c30\" data-progress=\"59\" stroke-dasharray=\"0,10000\"\/>\n\t\t\t<\/svg>\n\t\t\t\t<div class=\"number tf_abs_c\">\n\t\t\t<span class=\"bc-timer\"\n\t\t\t\t  data-to=\"59.08\"\n\t\t\t\t  data-suffix=\"%\"\n\t\t\t\t  data-prefix=\"\"\n\t\t\t\t  data-decimals=\"2\"\n\t\t\t\t  data-grouping=\"\"\n                                ><\/span>\n\t\t<\/div>\n\n\t\t\t\t<\/div><!-- .chart -->\n\t\n    <div class=\"counter-text\"><h5 style=\"text-align:center;font-weight:300;font-family:Heebo;font-size:19px\">Mati\u00e8re recyclable<\/h1><\/div>\n\n\t<\/div>\n<!-- \/module counter -->\n        <\/div>\n                    <div  data-lazy=\"1\" class=\"module_column sub_column col4-1 tb_i3h5184\">\n                    <!-- module text -->\n<div  class=\"module module-text tb_lb04184   \" data-lazy=\"1\">\n        <div  class=\"tb_text_wrap\">\n        <h5 style=\"text-align: left;\">Quantit\u00e9 de mati\u00e8re <span style=\"white-space: nowrap;\"> recycl\u00e9s en 2025<\/span><\/h5>    <\/div>\n<\/div>\n<!-- \/module text --><!-- module divider -->\n<div  class=\"module tf_mw module-divider tb_ncr3184 solid Divi-Detail-Seiten  \" style=\"border-width: 3px;border-color: #ffcc00;margin-top: -15px;margin-bottom: 15px;\" data-lazy=\"1\">\n    <\/div>\n<!-- \/module divider -->\n<!-- module text -->\n<div  class=\"module module-text tb_hj09184   \" data-lazy=\"1\">\n        <div  class=\"tb_text_wrap\">\n        <p>D\u00e9chets non recyclables: <span style=\"white-space: nowrap;\">3356 t<\/span><br>D\u00e9chets collect\u00e9s s\u00e9lectivement: <span style=\"white-space: nowrap;\">5651 t<\/span><br>Mati\u00e8re premi\u00e8re issue du recyclage: <span style=\"white-space: nowrap; font-weight: bold; color: #4f7a1b;\">4854 t<\/span><\/p>    <\/div>\n<\/div>\n<!-- \/module text -->        <\/div>\n                    <div  data-lazy=\"1\" class=\"module_column sub_column col4-1 tb_u09j184 last\">\n                    <!-- module text -->\n<div  class=\"module module-text tb_2ty5184   \" data-lazy=\"1\">\n        <div  class=\"tb_text_wrap\">\n        <h5 style=\"text-align: left;\">Notre devise: <span style=\"white-space: nowrap;\">\u00abTHE RIGHT BIN\u00bb<\/span><\/h5>\n    <\/div>\n<\/div>\n<!-- \/module text --><!-- module divider -->\n<div  class=\"module tf_mw module-divider tb_mrbj184 solid Divi-Detail-Seiten  \" style=\"border-width: 3px;border-color: #ffcc00;margin-top: -15px;margin-bottom: 15px;\" data-lazy=\"1\">\n    <\/div>\n<!-- \/module divider -->\n<!-- module text -->\n<div  class=\"module module-text tb_azgt184   \" data-lazy=\"1\">\n        <div  class=\"tb_text_wrap\">\n        <p style=\"text-align: left;\">Aidez-nous \u00e0 battre le record de l\u2019ann\u00e9e derni\u00e8re. Triez activement encore plus de d\u00e9chets. <strong>Merci Zermatt!<\/strong><\/p>    <\/div>\n<\/div>\n<!-- \/module text -->        <\/div>\n                    <\/div>\n                <\/div>\n                        <\/div>\n        <\/div>\n                        <div  data-css_id=\"ebv2859\" data-lazy=\"1\" class=\"module_row themify_builder_row fullwidth tb_ebv2859 tf_w\">\n                        <div class=\"row_inner col_align_top tb_col_count_1 tf_box tf_rel\">\n                        <div  data-lazy=\"1\" class=\"module_column tb-column col-full tb_h4jx859 first\">\n                    <!-- module divider -->\n<div  class=\"module tf_mw module-divider tb_c24c745 solid   \" style=\"border-width: 250px;border-color: #ffdf7d;\" data-lazy=\"1\">\n    <\/div>\n<!-- \/module divider -->\n        <\/div>\n                        <\/div>\n        <\/div>\n        <\/div>\n<!--\/themify_builder_content-->","protected":false},"excerpt":{"rendered":"<p>ZERMATT ENTSORGUNG<\/p>\n","protected":false},"author":1,"featured_media":1482,"parent":0,"menu_order":0,"comment_status":"closed","ping_status":"closed","template":"","meta":{"footnotes":""},"class_list":["post-2378","page","type-page","status-publish","has-post-thumbnail","hentry","has-post-title","has-post-date","has-post-category","has-post-tag","has-post-comment","has-post-author",""],"yoast_head":"<!-- This site is optimized with the Yoast SEO plugin v27.2 - https:\/\/yoast.com\/product\/yoast-seo-wordpress\/ -->\n<title>\u00abTHE RIGHT BIN\u00bb \u2013 Zermatt Entsorgung<\/title>\n<meta name=\"description\" content=\"\u00abTHE RIGHT BIN\u00bb \u2013 Zermatt Entsorgung. Les d\u00e9chets regorgent de mati\u00e8res recyclables et d&#039;\u00e9nergie. Ce sont les mati\u00e8res premi\u00e8res du futur. Choisir \u00abla bonne poubelle\u00bb est d\u00e9cisif Participez - collectez correctement!\" \/>\n<meta name=\"robots\" content=\"index, follow, max-snippet:-1, max-image-preview:large, max-video-preview:-1\" \/>\n<link rel=\"canonical\" href=\"https:\/\/the-right-bin.ch\/fr\/\" \/>\n<meta property=\"og:locale\" content=\"fr_FR\" \/>\n<meta property=\"og:type\" content=\"article\" \/>\n<meta property=\"og:title\" content=\"\u00abTHE RIGHT BIN\u00bb \u2013 Zermatt Entsorgung\" \/>\n<meta property=\"og:description\" content=\"La gestion des d\u00e9chets de la commune de Zermatt. \u00abTHE RIGHT BIN\u00bb \u00e9limine ; les ordures m\u00e9nag\u00e8res, le papier \u2022 carton, le verre usag\u00e9, le fer-blanc \u2022 aluminium, les bouteilles de boissons en PET, les d\u00e9chets de jardin, les d\u00e9chets de cuisine et les huiles alimentaires.\" \/>\n<meta property=\"og:url\" content=\"https:\/\/the-right-bin.ch\/fr\/\" \/>\n<meta property=\"og:site_name\" content=\"Zermatt Entsorgung \u2013 THE RIGHT BIN\" \/>\n<meta property=\"article:modified_time\" content=\"2026-03-25T15:37:05+00:00\" \/>\n<meta property=\"og:image\" content=\"https:\/\/the-right-bin.ch\/wp-content\/uploads\/2022\/09\/THE-RIGHT-BIN-Zermatt-Entsorgung-Logo-WEB-2-300x300.png\" \/>\n<meta name=\"twitter:card\" content=\"summary_large_image\" \/>\n<meta name=\"twitter:title\" content=\"\u00abTHE RIGHT BIN\u00bb \u2013 Zermatt Entsorgung\" \/>\n<meta name=\"twitter:description\" content=\"La gestion des d\u00e9chets de la commune de Zermatt. \u00abTHE RIGHT BIN\u00bb \u00e9limine ; les ordures m\u00e9nag\u00e8res, le papier \u2022 carton, le verre usag\u00e9, le fer-blanc \u2022 aluminium, les bouteilles de boissons en PET, les d\u00e9chets de jardin, les d\u00e9chets de cuisine et les huiles alimentaires.\" \/>\n<meta name=\"twitter:image\" content=\"https:\/\/the-right-bin.ch\/wp-content\/uploads\/2022\/09\/THE-RIGHT-BIN-Zermatt-Entsorgung-Logo-WEB-2.png\" \/>\n<script type=\"application\/ld+json\" class=\"yoast-schema-graph\">{\"@context\":\"https:\/\/schema.org\",\"@graph\":[{\"@type\":\"WebPage\",\"@id\":\"https:\/\/the-right-bin.ch\/fr\/\",\"url\":\"https:\/\/the-right-bin.ch\/fr\/\",\"name\":\"\u00abTHE RIGHT BIN\u00bb \u2013 Zermatt Entsorgung\",\"isPartOf\":{\"@id\":\"https:\/\/the-right-bin.ch\/fr\/#website\"},\"primaryImageOfPage\":{\"@id\":\"https:\/\/the-right-bin.ch\/fr\/#primaryimage\"},\"image\":{\"@id\":\"https:\/\/the-right-bin.ch\/fr\/#primaryimage\"},\"thumbnailUrl\":\"https:\/\/the-right-bin.ch\/wp-content\/uploads\/2022\/09\/THE-RIGHT-BIN-Zermatt-Entsorgung-Logo-WEB.png\",\"datePublished\":\"2022-09-26T05:19:53+00:00\",\"dateModified\":\"2026-03-25T15:37:05+00:00\",\"description\":\"\u00abTHE RIGHT BIN\u00bb \u2013 Zermatt Entsorgung. Les d\u00e9chets regorgent de mati\u00e8res recyclables et d'\u00e9nergie. Ce sont les mati\u00e8res premi\u00e8res du futur. Choisir \u00abla bonne poubelle\u00bb est d\u00e9cisif Participez - collectez correctement!\",\"breadcrumb\":{\"@id\":\"https:\/\/the-right-bin.ch\/fr\/#breadcrumb\"},\"inLanguage\":\"fr-FR\",\"potentialAction\":[{\"@type\":\"ReadAction\",\"target\":[\"https:\/\/the-right-bin.ch\/fr\/\"]}]},{\"@type\":\"ImageObject\",\"inLanguage\":\"fr-FR\",\"@id\":\"https:\/\/the-right-bin.ch\/fr\/#primaryimage\",\"url\":\"https:\/\/the-right-bin.ch\/wp-content\/uploads\/2022\/09\/THE-RIGHT-BIN-Zermatt-Entsorgung-Logo-WEB.png\",\"contentUrl\":\"https:\/\/the-right-bin.ch\/wp-content\/uploads\/2022\/09\/THE-RIGHT-BIN-Zermatt-Entsorgung-Logo-WEB.png\",\"width\":1000,\"height\":1000},{\"@type\":\"BreadcrumbList\",\"@id\":\"https:\/\/the-right-bin.ch\/fr\/#breadcrumb\",\"itemListElement\":[{\"@type\":\"ListItem\",\"position\":1,\"name\":\"Startseite\",\"item\":\"https:\/\/the-right-bin.ch\/fr\/\"},{\"@type\":\"ListItem\",\"position\":2,\"name\":\"Info + \u00abBins\u00bb\"}]},{\"@type\":\"WebSite\",\"@id\":\"https:\/\/the-right-bin.ch\/fr\/#website\",\"url\":\"https:\/\/the-right-bin.ch\/fr\/\",\"name\":\"Zermatt Entsorgung \u2013 THE RIGHT BIN\",\"description\":\"Die Wahl \u00abdes richtigen K\u00fcbels\u00bb ist dabei entscheidend. Machen Sie mit \u2013 sammeln Sie richtig!\u00bb\",\"publisher\":{\"@id\":\"https:\/\/the-right-bin.ch\/fr\/#organization\"},\"alternateName\":\"Zermatt Entsorgung\",\"potentialAction\":[{\"@type\":\"SearchAction\",\"target\":{\"@type\":\"EntryPoint\",\"urlTemplate\":\"https:\/\/the-right-bin.ch\/fr\/?s={search_term_string}\"},\"query-input\":{\"@type\":\"PropertyValueSpecification\",\"valueRequired\":true,\"valueName\":\"search_term_string\"}}],\"inLanguage\":\"fr-FR\"},{\"@type\":\"Organization\",\"@id\":\"https:\/\/the-right-bin.ch\/fr\/#organization\",\"name\":\"\u00abTHE RIGHT BIN\u00bb \u2013 Zermatt Entsorgung\",\"url\":\"https:\/\/the-right-bin.ch\/fr\/\",\"logo\":{\"@type\":\"ImageObject\",\"inLanguage\":\"fr-FR\",\"@id\":\"https:\/\/the-right-bin.ch\/fr\/#\/schema\/logo\/image\/\",\"url\":\"https:\/\/the-right-bin.ch\/wp-content\/uploads\/2022\/09\/THE-RIGHT-BIN-Zermatt-Entsorgung-Logo-WEB-2.png\",\"contentUrl\":\"https:\/\/the-right-bin.ch\/wp-content\/uploads\/2022\/09\/THE-RIGHT-BIN-Zermatt-Entsorgung-Logo-WEB-2.png\",\"width\":1000,\"height\":1000,\"caption\":\"\u00abTHE RIGHT BIN\u00bb \u2013 Zermatt Entsorgung\"},\"image\":{\"@id\":\"https:\/\/the-right-bin.ch\/fr\/#\/schema\/logo\/image\/\"}}]}<\/script>\n<!-- \/ Yoast SEO plugin. -->","yoast_head_json":{"title":"\u00abTHE RIGHT BIN\u00bb \u2013 Zermatt Entsorgung","description":"\u00abTHE RIGHT BIN\u00bb \u2013 Zermatt Entsorgung. Les d\u00e9chets regorgent de mati\u00e8res recyclables et d'\u00e9nergie. Ce sont les mati\u00e8res premi\u00e8res du futur. Choisir \u00abla bonne poubelle\u00bb est d\u00e9cisif Participez - collectez correctement!","robots":{"index":"index","follow":"follow","max-snippet":"max-snippet:-1","max-image-preview":"max-image-preview:large","max-video-preview":"max-video-preview:-1"},"canonical":"https:\/\/the-right-bin.ch\/fr\/","og_locale":"fr_FR","og_type":"article","og_title":"\u00abTHE RIGHT BIN\u00bb \u2013 Zermatt Entsorgung","og_description":"La gestion des d\u00e9chets de la commune de Zermatt. \u00abTHE RIGHT BIN\u00bb \u00e9limine ; les ordures m\u00e9nag\u00e8res, le papier \u2022 carton, le verre usag\u00e9, le fer-blanc \u2022 aluminium, les bouteilles de boissons en PET, les d\u00e9chets de jardin, les d\u00e9chets de cuisine et les huiles alimentaires.","og_url":"https:\/\/the-right-bin.ch\/fr\/","og_site_name":"Zermatt Entsorgung \u2013 THE RIGHT BIN","article_modified_time":"2026-03-25T15:37:05+00:00","og_image":[{"url":"https:\/\/the-right-bin.ch\/wp-content\/uploads\/2022\/09\/THE-RIGHT-BIN-Zermatt-Entsorgung-Logo-WEB-2-300x300.png","type":"","width":"","height":""}],"twitter_card":"summary_large_image","twitter_title":"\u00abTHE RIGHT BIN\u00bb \u2013 Zermatt Entsorgung","twitter_description":"La gestion des d\u00e9chets de la commune de Zermatt. \u00abTHE RIGHT BIN\u00bb \u00e9limine ; les ordures m\u00e9nag\u00e8res, le papier \u2022 carton, le verre usag\u00e9, le fer-blanc \u2022 aluminium, les bouteilles de boissons en PET, les d\u00e9chets de jardin, les d\u00e9chets de cuisine et les huiles alimentaires.","twitter_image":"https:\/\/the-right-bin.ch\/wp-content\/uploads\/2022\/09\/THE-RIGHT-BIN-Zermatt-Entsorgung-Logo-WEB-2.png","schema":{"@context":"https:\/\/schema.org","@graph":[{"@type":"WebPage","@id":"https:\/\/the-right-bin.ch\/fr\/","url":"https:\/\/the-right-bin.ch\/fr\/","name":"\u00abTHE RIGHT BIN\u00bb \u2013 Zermatt Entsorgung","isPartOf":{"@id":"https:\/\/the-right-bin.ch\/fr\/#website"},"primaryImageOfPage":{"@id":"https:\/\/the-right-bin.ch\/fr\/#primaryimage"},"image":{"@id":"https:\/\/the-right-bin.ch\/fr\/#primaryimage"},"thumbnailUrl":"https:\/\/the-right-bin.ch\/wp-content\/uploads\/2022\/09\/THE-RIGHT-BIN-Zermatt-Entsorgung-Logo-WEB.png","datePublished":"2022-09-26T05:19:53+00:00","dateModified":"2026-03-25T15:37:05+00:00","description":"\u00abTHE RIGHT BIN\u00bb \u2013 Zermatt Entsorgung. Les d\u00e9chets regorgent de mati\u00e8res recyclables et d'\u00e9nergie. Ce sont les mati\u00e8res premi\u00e8res du futur. Choisir \u00abla bonne poubelle\u00bb est d\u00e9cisif Participez - collectez correctement!","breadcrumb":{"@id":"https:\/\/the-right-bin.ch\/fr\/#breadcrumb"},"inLanguage":"fr-FR","potentialAction":[{"@type":"ReadAction","target":["https:\/\/the-right-bin.ch\/fr\/"]}]},{"@type":"ImageObject","inLanguage":"fr-FR","@id":"https:\/\/the-right-bin.ch\/fr\/#primaryimage","url":"https:\/\/the-right-bin.ch\/wp-content\/uploads\/2022\/09\/THE-RIGHT-BIN-Zermatt-Entsorgung-Logo-WEB.png","contentUrl":"https:\/\/the-right-bin.ch\/wp-content\/uploads\/2022\/09\/THE-RIGHT-BIN-Zermatt-Entsorgung-Logo-WEB.png","width":1000,"height":1000},{"@type":"BreadcrumbList","@id":"https:\/\/the-right-bin.ch\/fr\/#breadcrumb","itemListElement":[{"@type":"ListItem","position":1,"name":"Startseite","item":"https:\/\/the-right-bin.ch\/fr\/"},{"@type":"ListItem","position":2,"name":"Info + \u00abBins\u00bb"}]},{"@type":"WebSite","@id":"https:\/\/the-right-bin.ch\/fr\/#website","url":"https:\/\/the-right-bin.ch\/fr\/","name":"Zermatt Entsorgung \u2013 THE RIGHT BIN","description":"Die Wahl \u00abdes richtigen K\u00fcbels\u00bb ist dabei entscheidend. Machen Sie mit \u2013 sammeln Sie richtig!\u00bb","publisher":{"@id":"https:\/\/the-right-bin.ch\/fr\/#organization"},"alternateName":"Zermatt Entsorgung","potentialAction":[{"@type":"SearchAction","target":{"@type":"EntryPoint","urlTemplate":"https:\/\/the-right-bin.ch\/fr\/?s={search_term_string}"},"query-input":{"@type":"PropertyValueSpecification","valueRequired":true,"valueName":"search_term_string"}}],"inLanguage":"fr-FR"},{"@type":"Organization","@id":"https:\/\/the-right-bin.ch\/fr\/#organization","name":"\u00abTHE RIGHT BIN\u00bb \u2013 Zermatt Entsorgung","url":"https:\/\/the-right-bin.ch\/fr\/","logo":{"@type":"ImageObject","inLanguage":"fr-FR","@id":"https:\/\/the-right-bin.ch\/fr\/#\/schema\/logo\/image\/","url":"https:\/\/the-right-bin.ch\/wp-content\/uploads\/2022\/09\/THE-RIGHT-BIN-Zermatt-Entsorgung-Logo-WEB-2.png","contentUrl":"https:\/\/the-right-bin.ch\/wp-content\/uploads\/2022\/09\/THE-RIGHT-BIN-Zermatt-Entsorgung-Logo-WEB-2.png","width":1000,"height":1000,"caption":"\u00abTHE RIGHT BIN\u00bb \u2013 Zermatt Entsorgung"},"image":{"@id":"https:\/\/the-right-bin.ch\/fr\/#\/schema\/logo\/image\/"}}]}},"builder_content":"<h1 id=\"h1-home\">ZERMATT ENTSORGUNG<\/h1>\n<h5 style=\"text-align: center;\">Zermatt \u00c9limination<\/h5>\n<img src=\"https:\/\/the-right-bin.ch\/wp-content\/uploads\/2022\/09\/THE-RIGHT-BIN-Zermatt-Entsorgung-Logo-WEB.png\" title=\"THE-RIGHT-BIN-Zermatt-Entsorgung-Logo-WEB\" alt=\"THE-RIGHT-BIN-Zermatt-Entsorgung-Logo-WEB\" srcset=\"https:\/\/the-right-bin.ch\/wp-content\/uploads\/2022\/09\/THE-RIGHT-BIN-Zermatt-Entsorgung-Logo-WEB.png 1000w, https:\/\/the-right-bin.ch\/wp-content\/uploads\/2022\/09\/THE-RIGHT-BIN-Zermatt-Entsorgung-Logo-WEB-300x300.png 300w, https:\/\/the-right-bin.ch\/wp-content\/uploads\/2022\/09\/THE-RIGHT-BIN-Zermatt-Entsorgung-Logo-WEB-150x150.png 150w, https:\/\/the-right-bin.ch\/wp-content\/uploads\/2022\/09\/THE-RIGHT-BIN-Zermatt-Entsorgung-Logo-WEB-768x768.png 768w, https:\/\/the-right-bin.ch\/wp-content\/uploads\/2022\/09\/THE-RIGHT-BIN-Zermatt-Entsorgung-Logo-WEB-978x978.png 978w, https:\/\/the-right-bin.ch\/wp-content\/uploads\/2022\/09\/THE-RIGHT-BIN-Zermatt-Entsorgung-Logo-WEB-400x400.png 400w\" sizes=\"(max-width: 1000px) 100vw, 1000px\" \/>\n<h3>\u00abTHE RIGHT BIN\u00bb<\/h3> <p>En d\u00e9cembre 2021, le conseil municipal a d\u00e9cid\u00e9 d'organiser lui-m\u00eame la collecte des d\u00e9chets et de ne plus confier ce service \u00e0 des tiers. \u00abTHE RIGHT BIN\u00bb \u2013 la bonne poubelle. Une pr\u00e9sentation fra\u00eeche et conviviale qui annonce la nouvelle \u00e8re de la gestion des mati\u00e8res recyclables. <\/p>\n<img src=\"https:\/\/the-right-bin.ch\/wp-content\/uploads\/2022\/09\/Rundbild-1a-500x495-1-500x494.png\" width=\"500\" height=\"494\" title=\"Rundbild-1a-500x495\" alt=\"Rundbild-1a-500x495\" srcset=\"https:\/\/the-right-bin.ch\/wp-content\/uploads\/2022\/09\/Rundbild-1a-500x495-1.png 500w, https:\/\/the-right-bin.ch\/wp-content\/uploads\/2022\/09\/Rundbild-1a-500x495-1-300x297.png 300w\" sizes=\"(max-width: 500px) 100vw, 500px\" \/>\n<img src=\"https:\/\/the-right-bin.ch\/wp-content\/uploads\/2022\/09\/Rundbild-3-500x495-2-500x494.png\" width=\"500\" height=\"494\" title=\"Rundbild-3-500x495\" alt=\"Rundbild-3-500x495\" srcset=\"https:\/\/the-right-bin.ch\/wp-content\/uploads\/2022\/09\/Rundbild-3-500x495-2.png 500w, https:\/\/the-right-bin.ch\/wp-content\/uploads\/2022\/09\/Rundbild-3-500x495-2-300x297.png 300w\" sizes=\"(max-width: 500px) 100vw, 500px\" \/>\n<h3>L'avenir des mati\u00e8res recyclables et le tri s\u00e9lectif<\/h3> <p>Les d\u00e9chets regorgent de mati\u00e8res recyclables et d'\u00e9nergie. Ce sont les mati\u00e8res premi\u00e8res du futur. Ces ressources doivent \u00eatre utilis\u00e9es de mani\u00e8re optimale et maintenues dans des circuits propres. Ce principe indique la direction \u00e0 suivre pour l'am\u00e9lioration de la collecte des d\u00e9chets. <\/p>\n<h3 style=\"text-align: center;\">Choisir \u00abla bonne poubelle\u00bb est d\u00e9cisif<\/h3> <p style=\"text-align: center;\">Dans les points de collecte publics, il y aura \u00e0 l'avenir de nouveaux conteneurs pour le PET \u2013 en plus de la collecte s\u00e9par\u00e9e actuelle du verre, du fer blanc et de l'aluminium, des d\u00e9chets de cuisine, du papier et du carton (d\u00e9sormais collect\u00e9s ensemble) ainsi que des compacteurs pour les ordures m\u00e9nag\u00e8res. Des conteneurs pour les d\u00e9chets verts sont \u00e9galement \u00e0 la disposition des usagers sur certains grands sites. <\/p>\n<a href=\"\/Downloads\/Abfallkalender_FR.pdf\"> <img src=\"https:\/\/the-right-bin.ch\/wp-content\/uploads\/2022\/10\/Pdf-Icon-hell.png\" title=\"&lt;b&gt;Calendrier des d\u00e9chets 2025&lt;\/b&gt;\" alt=\"&lt;b&gt;Calendrier des d\u00e9chets 2025&lt;\/b&gt;\" srcset=\"https:\/\/the-right-bin.ch\/wp-content\/uploads\/2022\/10\/Pdf-Icon-hell.png 600w, https:\/\/the-right-bin.ch\/wp-content\/uploads\/2022\/10\/Pdf-Icon-hell-300x300.png 300w, https:\/\/the-right-bin.ch\/wp-content\/uploads\/2022\/10\/Pdf-Icon-hell-150x150.png 150w\" sizes=\"(max-width: 600px) 100vw, 600px\" \/> <b>Calendrier des d\u00e9chets 2025<\/b> <\/a>\n<img src=\"https:\/\/the-right-bin.ch\/wp-content\/uploads\/2022\/09\/Presse1-937x425.png\" width=\"937\" height=\"425\" title=\"Presse1\" alt=\"Presse1\" srcset=\"https:\/\/the-right-bin.ch\/wp-content\/uploads\/2022\/09\/Presse1-937x425.png 937w, https:\/\/the-right-bin.ch\/wp-content\/uploads\/2022\/09\/Presse1-300x137.png 300w\" sizes=\"(max-width: 937px) 100vw, 937px\" \/>\n<h2><a href=\"\/fr\/ordures-menageres\/\">Ordures m\u00e9nag\u00e8res<\/a><\/h2>\n<a href=\"\/fr\/ordures-menageres\/\"> <img src=\"https:\/\/the-right-bin.ch\/wp-content\/uploads\/2022\/09\/Zermatt-Entsorgung-Hauskericht-2.png\" title=\"Zermatt-Entsorgung-Hauskericht\" alt=\"Zermatt-Entsorgung-Hauskericht\" srcset=\"https:\/\/the-right-bin.ch\/wp-content\/uploads\/2022\/09\/Zermatt-Entsorgung-Hauskericht-2.png 638w, https:\/\/the-right-bin.ch\/wp-content\/uploads\/2022\/09\/Zermatt-Entsorgung-Hauskericht-2-300x300.png 300w, https:\/\/the-right-bin.ch\/wp-content\/uploads\/2022\/09\/Zermatt-Entsorgung-Hauskericht-2-150x150.png 150w, https:\/\/the-right-bin.ch\/wp-content\/uploads\/2022\/09\/Zermatt-Entsorgung-Hauskericht-2-480x480.png 480w\" sizes=\"(max-width: 638px) 100vw, 638px\" \/> <\/a>\n<h2><a href=\"\/fr\/papier-carton\/\">Papier \u2022 Carton<\/a><\/h2>\n<a href=\"\/fr\/papier-carton\/\"> <img src=\"https:\/\/the-right-bin.ch\/wp-content\/uploads\/2022\/09\/Zermatt-Entsorgung-Papier-Karton-1.png\" title=\"Zermatt-Entsorgung-Papier-Karton\" alt=\"Zermatt-Entsorgung-Papier-Karton\" srcset=\"https:\/\/the-right-bin.ch\/wp-content\/uploads\/2022\/09\/Zermatt-Entsorgung-Papier-Karton-1.png 638w, https:\/\/the-right-bin.ch\/wp-content\/uploads\/2022\/09\/Zermatt-Entsorgung-Papier-Karton-1-300x300.png 300w, https:\/\/the-right-bin.ch\/wp-content\/uploads\/2022\/09\/Zermatt-Entsorgung-Papier-Karton-1-150x150.png 150w, https:\/\/the-right-bin.ch\/wp-content\/uploads\/2022\/09\/Zermatt-Entsorgung-Papier-Karton-1-480x480.png 480w\" sizes=\"(max-width: 638px) 100vw, 638px\" \/> <\/a>\n<h2><a href=\"\/fr\/verre\/\">VERRE<\/a><\/h2>\n<a href=\"\/fr\/verre\/\"> <img src=\"https:\/\/the-right-bin.ch\/wp-content\/uploads\/2022\/09\/Zermatt-Entsorgung-Altglas-1.png\" title=\"Zermatt-Entsorgung-Altglas\" alt=\"Zermatt-Entsorgung-Altglas\" srcset=\"https:\/\/the-right-bin.ch\/wp-content\/uploads\/2022\/09\/Zermatt-Entsorgung-Altglas-1.png 638w, https:\/\/the-right-bin.ch\/wp-content\/uploads\/2022\/09\/Zermatt-Entsorgung-Altglas-1-300x300.png 300w, https:\/\/the-right-bin.ch\/wp-content\/uploads\/2022\/09\/Zermatt-Entsorgung-Altglas-1-150x150.png 150w, https:\/\/the-right-bin.ch\/wp-content\/uploads\/2022\/09\/Zermatt-Entsorgung-Altglas-1-480x480.png 480w\" sizes=\"(max-width: 638px) 100vw, 638px\" \/> <\/a>\n<h2><a href=\"\/fr\/fer-blanc-aluminium\/\">FER BLANC<\/a><a href=\"\/fr\/fer-blanc-aluminium\/\"> \u2022 <\/a><a style=\"letter-spacing: 0px;\" href=\"\/fr\/fer-blanc-aluminium\/\">ALUMINIUM <\/a><\/h2>\n<a href=\"\/fr\/fer-blanc-aluminium\/\"> <img src=\"https:\/\/the-right-bin.ch\/wp-content\/uploads\/2022\/09\/Zermatt-Entsorgung-Weissblech-Aluminium-3.png\" title=\"Zermatt-Entsorgung-Weissblech-Aluminium\" alt=\"Zermatt-Entsorgung-Weissblech-Aluminium\" srcset=\"https:\/\/the-right-bin.ch\/wp-content\/uploads\/2022\/09\/Zermatt-Entsorgung-Weissblech-Aluminium-3.png 638w, https:\/\/the-right-bin.ch\/wp-content\/uploads\/2022\/09\/Zermatt-Entsorgung-Weissblech-Aluminium-3-300x300.png 300w, https:\/\/the-right-bin.ch\/wp-content\/uploads\/2022\/09\/Zermatt-Entsorgung-Weissblech-Aluminium-3-150x150.png 150w, https:\/\/the-right-bin.ch\/wp-content\/uploads\/2022\/09\/Zermatt-Entsorgung-Weissblech-Aluminium-3-480x480.png 480w\" sizes=\"(max-width: 638px) 100vw, 638px\" \/> <\/a>\n<h2><a href=\"\/fr\/bouteilles-de-boissons-en-pet\/\">BOUTEILLES DE BOISSONS EN PET<\/a><\/h2>\n<a href=\"\/fr\/bouteilles-de-boissons-en-pet\/\"> <img src=\"https:\/\/the-right-bin.ch\/wp-content\/uploads\/2022\/09\/Zermatt-Entsorgung-PET-Getraenkeflaschen-1.png\" title=\"Zermatt-Entsorgung-PET-Getraenkeflaschen\" alt=\"Zermatt-Entsorgung-PET-Getraenkeflaschen\" srcset=\"https:\/\/the-right-bin.ch\/wp-content\/uploads\/2022\/09\/Zermatt-Entsorgung-PET-Getraenkeflaschen-1.png 638w, https:\/\/the-right-bin.ch\/wp-content\/uploads\/2022\/09\/Zermatt-Entsorgung-PET-Getraenkeflaschen-1-300x300.png 300w, https:\/\/the-right-bin.ch\/wp-content\/uploads\/2022\/09\/Zermatt-Entsorgung-PET-Getraenkeflaschen-1-150x150.png 150w, https:\/\/the-right-bin.ch\/wp-content\/uploads\/2022\/09\/Zermatt-Entsorgung-PET-Getraenkeflaschen-1-480x480.png 480w\" sizes=\"(max-width: 638px) 100vw, 638px\" \/> <\/a>\n<h2><a href=\"\/fr\/dechets-de-jardin\/\">D\u00c9CHETS DE JARDIN<\/a><\/h2>\n<a href=\"\/fr\/dechets-de-jardin\/\"> <img src=\"https:\/\/the-right-bin.ch\/wp-content\/uploads\/2022\/09\/Zermatt-Entsorgung-Gartemabfaelle-2.png\" title=\"Zermatt-Entsorgung-Gartemabfaelle\" alt=\"Zermatt-Entsorgung-Gartemabfaelle\" srcset=\"https:\/\/the-right-bin.ch\/wp-content\/uploads\/2022\/09\/Zermatt-Entsorgung-Gartemabfaelle-2.png 638w, https:\/\/the-right-bin.ch\/wp-content\/uploads\/2022\/09\/Zermatt-Entsorgung-Gartemabfaelle-2-300x300.png 300w, https:\/\/the-right-bin.ch\/wp-content\/uploads\/2022\/09\/Zermatt-Entsorgung-Gartemabfaelle-2-150x150.png 150w, https:\/\/the-right-bin.ch\/wp-content\/uploads\/2022\/09\/Zermatt-Entsorgung-Gartemabfaelle-2-480x480.png 480w\" sizes=\"(max-width: 638px) 100vw, 638px\" \/> <\/a>\n<h2><a href=\"\/fr\/dechets-de-cuisine\/\">D\u00c9CHETS DE CUISINE<\/a><\/h2>\n<a href=\"\/fr\/dechets-de-cuisine\/\"> <img src=\"https:\/\/the-right-bin.ch\/wp-content\/uploads\/2022\/09\/Zermatt-Entsorgung-Kuechenabfaelle-1.png\" title=\"Zermatt-Entsorgung-Kuechenabfaelle\" alt=\"Zermatt-Entsorgung-Kuechenabfaelle\" srcset=\"https:\/\/the-right-bin.ch\/wp-content\/uploads\/2022\/09\/Zermatt-Entsorgung-Kuechenabfaelle-1.png 638w, https:\/\/the-right-bin.ch\/wp-content\/uploads\/2022\/09\/Zermatt-Entsorgung-Kuechenabfaelle-1-300x300.png 300w, https:\/\/the-right-bin.ch\/wp-content\/uploads\/2022\/09\/Zermatt-Entsorgung-Kuechenabfaelle-1-150x150.png 150w, https:\/\/the-right-bin.ch\/wp-content\/uploads\/2022\/09\/Zermatt-Entsorgung-Kuechenabfaelle-1-480x480.png 480w\" sizes=\"(max-width: 638px) 100vw, 638px\" \/> <\/a>\n<h2><a href=\"\/fr\/huiles-comestibles\/\">HUILES COMESTIBLES<\/a><\/h2>\n<a href=\"\/fr\/huiles-comestibles\/\"> <img src=\"https:\/\/the-right-bin.ch\/wp-content\/uploads\/2022\/09\/Zermatt-Entsorgung-Speiseoele-1.png\" title=\"Zermatt-Entsorgung-Speiseoele\" alt=\"Zermatt-Entsorgung-Speiseoele\" srcset=\"https:\/\/the-right-bin.ch\/wp-content\/uploads\/2022\/09\/Zermatt-Entsorgung-Speiseoele-1.png 638w, https:\/\/the-right-bin.ch\/wp-content\/uploads\/2022\/09\/Zermatt-Entsorgung-Speiseoele-1-300x300.png 300w, https:\/\/the-right-bin.ch\/wp-content\/uploads\/2022\/09\/Zermatt-Entsorgung-Speiseoele-1-150x150.png 150w, https:\/\/the-right-bin.ch\/wp-content\/uploads\/2022\/09\/Zermatt-Entsorgung-Speiseoele-1-480x480.png 480w\" sizes=\"(max-width: 638px) 100vw, 638px\" \/> <\/a>\n<h5 style=\"text-align: left;\">Commune de Zermatt: \u00c9limination des d\u00e9chets<\/h5>\n\n<p style=\"text-align: left;\">En <strong>2025,<\/strong> un total de<strong> 8201 t<\/strong> de d\u00e9chets a \u00e9t\u00e9 collect\u00e9. 59.08% de cette quantit\u00e9 a pu \u00eatre recycl\u00e9e en mat\u00e9riaux r\u00e9utilisables.<\/p>\n<a href=\"https:\/\/the-right-bin.ch\/fr\/statistiques-sur-les-dechets\/\"> <img src=\"https:\/\/the-right-bin.ch\/wp-content\/uploads\/2022\/10\/Icon-Link-1.png\" title=\"&lt;b&gt;Informations compl\u00e9mentaires&lt;\/b&gt;\" alt=\"&lt;b&gt;Informations compl\u00e9mentaires&lt;\/b&gt;\" srcset=\"https:\/\/the-right-bin.ch\/wp-content\/uploads\/2022\/10\/Icon-Link-1.png 300w, https:\/\/the-right-bin.ch\/wp-content\/uploads\/2022\/10\/Icon-Link-1-150x150.png 150w\" sizes=\"(max-width: 300px) 100vw, 300px\" \/> <b>Informations compl\u00e9mentaires<\/b> <\/a>\n<svg> <circle fill=\"#7a3a3a\"><\/circle> <circle stroke=\"rgba(0,0,0,.1)\" stroke-width=\"20\"\/> <circle stroke-width=\"20\" stroke=\"#6c9c30\" data-progress=\"59\" stroke-dasharray=\"0,10000\"\/> <\/svg> \n <h5 style=\"text-align:center;font-weight:300;font-family:Heebo;font-size:19px\">Mati\u00e8re recyclable<\/h1>\n<h5 style=\"text-align: left;\">Quantit\u00e9 de mati\u00e8re recycl\u00e9s en 2025<\/h5>\n\n<p>D\u00e9chets non recyclables: 3356 t<br>D\u00e9chets collect\u00e9s s\u00e9lectivement: 5651 t<br>Mati\u00e8re premi\u00e8re issue du recyclage: 4854 t<\/p>\n<h5 style=\"text-align: left;\">Notre devise: \u00abTHE RIGHT BIN\u00bb<\/h5>\n\n<p style=\"text-align: left;\">Aidez-nous \u00e0 battre le record de l\u2019ann\u00e9e derni\u00e8re. Triez activement encore plus de d\u00e9chets. <strong>Merci Zermatt!<\/strong><\/p>\n","_links":{"self":[{"href":"https:\/\/the-right-bin.ch\/fr\/wp-json\/wp\/v2\/pages\/2378","targetHints":{"allow":["GET"]}}],"collection":[{"href":"https:\/\/the-right-bin.ch\/fr\/wp-json\/wp\/v2\/pages"}],"about":[{"href":"https:\/\/the-right-bin.ch\/fr\/wp-json\/wp\/v2\/types\/page"}],"author":[{"embeddable":true,"href":"https:\/\/the-right-bin.ch\/fr\/wp-json\/wp\/v2\/users\/1"}],"replies":[{"embeddable":true,"href":"https:\/\/the-right-bin.ch\/fr\/wp-json\/wp\/v2\/comments?post=2378"}],"version-history":[{"count":38,"href":"https:\/\/the-right-bin.ch\/fr\/wp-json\/wp\/v2\/pages\/2378\/revisions"}],"predecessor-version":[{"id":4789,"href":"https:\/\/the-right-bin.ch\/fr\/wp-json\/wp\/v2\/pages\/2378\/revisions\/4789"}],"wp:featuredmedia":[{"embeddable":true,"href":"https:\/\/the-right-bin.ch\/fr\/wp-json\/wp\/v2\/media\/1482"}],"wp:attachment":[{"href":"https:\/\/the-right-bin.ch\/fr\/wp-json\/wp\/v2\/media?parent=2378"}],"curies":[{"name":"wp","href":"https:\/\/api.w.org\/{rel}","templated":true}]}}